{"id":469,"date":"2021-10-29T18:00:45","date_gmt":"2021-10-29T16:00:45","guid":{"rendered":"https:\/\/www.maisonwabisabi.com\/?page_id=469"},"modified":"2025-07-02T00:00:54","modified_gmt":"2025-07-01T22:00:54","slug":"politique-de-confidentialite","status":"publish","type":"page","link":"https:\/\/www.maisonwabisabi.com\/en\/politique-de-confidentialite\/","title":{"rendered":"Privacy policy"},"content":{"rendered":"\n<div style=\"height:20px\" aria-hidden=\"true\" class=\"wp-block-spacer\"><\/div>\n\n\n\n<h1 class=\"wp-block-heading has-text-align-center has-black-color has-text-color has-background\" style=\"background-color:#8d9a83;font-size:21px\"><strong><strong><strong><strong>Politique de confidentialit\u00e9<\/strong><\/strong><\/strong><\/strong><\/h1>\n\n\n\n<div style=\"height:20px\" aria-hidden=\"true\" class=\"wp-block-spacer\"><\/div>\n\n\n\n<p class=\"has-black-color has-text-color\" style=\"font-size:17px\">Au regard de la confiance dont vous nous t\u00e9moignez en nous communiquant certaines de vos donn\u00e9es personnelles, Maison Wabi-Sabi attache la plus grande importance \u00e0 leur protection et \u00e0 leur confidentialit\u00e9.<\/p>\n\n\n\n<p class=\"has-black-color has-text-color\" style=\"font-size:17px\">La pr\u00e9sente Politique de Confidentialit\u00e9 d\u00e9crit les principes que Maison Wabi-Sabi respecte lors de la collecte, du traitement et de la conservation de vos donn\u00e9es personnelles, ainsi que les garanties de vos droits sur ces donn\u00e9es.<\/p>\n\n\n\n<p class=\"has-black-color has-text-color\" style=\"font-size:17px\">Conform\u00e9ment \u00e0 l\u2019article 30 du RGPD, le traitement de ces donn\u00e9es personnelles fait l\u2019objet d\u2019un registre d\u00e9di\u00e9, tenu par Maison Wabi-Sabi.<\/p>\n\n\n\n<div style=\"height:50px\" aria-hidden=\"true\" class=\"wp-block-spacer\"><\/div>\n\n\n\n<h2 class=\"wp-block-heading has-text-align-center has-black-color has-text-color has-background\" style=\"background-color:#8d9a83;font-size:21px\"><strong><strong><strong><strong><strong><strong>Le responsable du traitement de vos donn\u00e9es<\/strong><\/strong><\/strong><\/strong><\/strong><\/strong><\/h2>\n\n\n\n<div style=\"height:20px\" aria-hidden=\"true\" class=\"wp-block-spacer\"><\/div>\n\n\n\n<p class=\"has-black-color has-text-color\" style=\"font-size:17px\">Yann TOURET pour Maison Wabi-Sabi<\/p>\n\n\n\n<p class=\"has-black-color has-text-color\" style=\"font-size:17px\">Micro-entreprise inscrite au RCS de Paris sous le n\u00b0910 817 360 \u2013 SIRET 910 817 360 00019<\/p>\n\n\n\n<p class=\"has-black-color has-text-color\" style=\"font-size:17px\">Le si\u00e8ge social est \u00e9tabli en France, au 89 rue du Faubourg Saint Denis 75010 Paris<\/p>\n\n\n\n<p class=\"has-black-color has-text-color\" style=\"font-size:17px\">Yann TOURET pour Maison Wabi-Sabi est le responsable du traitement des donn\u00e9es personnelles collect\u00e9es sur le site\u00a0<a href=\"https:\/\/www.maisonwabisabi.com\/\"><mark style=\"background-color:rgba(0, 0, 0, 0);color:#8d9a83\" class=\"has-inline-color\">www.maisonwabisabi.com<\/mark><\/a>\u00a0(le Site).<\/p>\n\n\n\n<div style=\"height:50px\" aria-hidden=\"true\" class=\"wp-block-spacer\"><\/div>\n\n\n\n<h2 class=\"wp-block-heading has-text-align-center has-black-color has-text-color has-background\" style=\"background-color:#8d9a83;font-size:21px\"><strong><strong><strong><strong><strong><strong><strong>Nous collectons quelles donn\u00e9es<\/strong><\/strong><\/strong><\/strong><\/strong><\/strong><\/strong><\/h2>\n\n\n\n<div style=\"height:20px\" aria-hidden=\"true\" class=\"wp-block-spacer\"><\/div>\n\n\n\n<p class=\"has-black-color has-text-color\" style=\"font-size:17px\">Le terme \u00ab Donn\u00e9es \u00bb se rapporte \u00e0 toute information personnelle qui peut \u00eatre utilis\u00e9e pour vous identifier en tant qu\u2019individu et que vous fournissez au Responsable du Traitement afin de vous enregistrer sur le Site pour cr\u00e9er un compte, recevoir des informations ou proc\u00e9der \u00e0 une commande en ligne.<\/p>\n\n\n\n<p class=\"has-black-color has-text-color\" style=\"font-size:17px\">Maison Wabi-Sabi collecte seulement les donn\u00e9es n\u00e9cessaires \u00e0 la bonne ex\u00e9cution de son activit\u00e9 de e-commerce et de vente au d\u00e9tail des articles propos\u00e9s sur le Site.<\/p>\n\n\n\n<p class=\"has-black-color has-text-color\" style=\"font-size:17px\">Les donn\u00e9es personnelles que nous collectons comprennent :<\/p>\n\n\n\n<ul style=\"font-size:17px\" class=\"wp-block-list has-black-color has-text-color\">\n<li style=\"font-size:17px\">Vos coordonn\u00e9es (civilit\u00e9, nom, pr\u00e9nom, email, n\u00b0 de t\u00e9l\u00e9phone, adresse compl\u00e8te, etc.).<\/li>\n\n\n\n<li style=\"font-size:17px\">Vos informations de livraison et de facturation (nom\/pr\u00e9nom, rue, code postal, ville, pays, commentaires de livraison, etc.).<\/li>\n\n\n\n<li style=\"font-size:17px\">Vos pr\u00e9f\u00e9rences personnelles, comprenant vos pr\u00e9f\u00e9rences marketing (abonnements \u00e0 nos lettres d&rsquo;informations, etc.) et en mati\u00e8re de cookies (informations techniques&nbsp;: logs techniques, adresse IP, etc.).<\/li>\n\n\n\n<li style=\"font-size:17px\">Les informations sur les produits que vous avez consult\u00e9s.<\/li>\n\n\n\n<li style=\"font-size:17px\">L\u2019historique de vos commandes.<\/li>\n\n\n\n<li style=\"font-size:17px\">L\u2019historique de vos emails \u00e9chang\u00e9s avec nous.<\/li>\n<\/ul>\n\n\n\n<p class=\"has-black-color has-text-color\" style=\"font-size:17px\">Nous ne collectons pas vos donn\u00e9es de paiement, lesquelles sont collect\u00e9es directement par notre prestataire de paiement, la banque en ligne <a href=\"https:\/\/www.shine.fr\/\" target=\"_blank\" rel=\"noreferrer noopener\"><mark style=\"background-color:rgba(0, 0, 0, 0);color:#8d9a83\" class=\"has-inline-color\">SHINE<\/mark><\/a>, \u00e0 travers la plateforme de paiement s\u00e9curis\u00e9e <a href=\"https:\/\/www.mollie.com\/fr\" target=\"_blank\" rel=\"noreferrer noopener\"><mark style=\"background-color:rgba(0, 0, 0, 0);color:#8d9a83\" class=\"has-inline-color\">Mollie &#8211; Stg Mollie Payments<\/mark><\/a>. Le terminal de paiement \u00e9lectronique (TPE) <a href=\"https:\/\/www.sumup.com\/fr-fr\/\" target=\"_blank\" rel=\"noreferrer noopener\"><mark style=\"background-color:rgba(0, 0, 0, 0);color:#8d9a83\" class=\"has-inline-color\">Sumup<\/mark><\/a> est utilis\u00e9 lors de Pop-Up Store ou lors de paiement au si\u00e8ge social de Maison Wabi-Sabi, par les clients.<\/p>\n\n\n\n<p class=\"has-black-color has-text-color\" style=\"font-size:17px\">La cr\u00e9ation d\u2019un compte sur le Site n\u00e9cessite la cr\u00e9ation d\u2019un mot de passe. Ce mot de passe est crypt\u00e9 et n\u2019est connu que de vous. Il ne nous est pas possible d\u2019y acc\u00e9der. En cas d\u2019oubli de mot de passe, un lien permettant de d\u00e9finir un nouveau mot de passe vous sera envoy\u00e9 sur votre e-mail de contact.<\/p>\n\n\n\n<div style=\"height:50px\" aria-hidden=\"true\" class=\"wp-block-spacer\"><\/div>\n\n\n\n<h2 class=\"wp-block-heading has-text-align-center has-black-color has-text-color has-background\" style=\"background-color:#8d9a83;font-size:21px\"><strong><strong><strong><strong><strong><strong><strong><strong>Pourquoi nous collectons vos donn\u00e9es<\/strong><\/strong><\/strong><\/strong><\/strong><\/strong><\/strong><\/strong><\/h2>\n\n\n\n<div style=\"height:20px\" aria-hidden=\"true\" class=\"wp-block-spacer\"><\/div>\n\n\n\n<p class=\"has-black-color has-text-color\" style=\"font-size:17px\">Le traitement de vos donn\u00e9es personnelles nous permet de vous mettre \u00e0 disposition des services du Site, d\u2019assurer l\u2019am\u00e9lioration de nos services et le maintien d\u2019un environnement s\u00e9curis\u00e9.<\/p>\n\n\n\n<p class=\"has-black-color has-text-color\" style=\"font-size:17px\">Vos donn\u00e9es sont trait\u00e9es pour r\u00e9aliser les&nbsp;op\u00e9rations relatives \u00e0 notre relation commerciale&nbsp;(commandes, paiement, livraisons, factures, comptabilit\u00e9, service apr\u00e8s-vente, etc.). Et plus sp\u00e9cifiquement pour&nbsp;:<\/p>\n\n\n\n<ul style=\"font-size:17px\" class=\"wp-block-list has-black-color has-text-color\">\n<li class=\"has-black-color has-text-color has-link-color wp-elements-6ba1abe98a8384c739071efb02421355\" style=\"font-size:17px\">La&nbsp;gestion de votre Compte, de votre inscription et de votre connexion \u00e0 notre Site, ainsi que la fourniture des services auxquels ils donnent respectivement acc\u00e8s (commande en ligne, invitations \u00e0 des \u00e9v\u00e8nements, envoi de newsletter, etc.).<\/li>\n\n\n\n<li class=\"has-black-color has-text-color has-link-color wp-elements-6554185db4a58a25e8bad0391426cd7b\" style=\"font-size:17px\">La&nbsp;gestion de vos commandes.<\/li>\n\n\n\n<li class=\"has-black-color has-text-color has-link-color wp-elements-78bb84ce48814ef590ca35084917b1d6\" style=\"font-size:17px\">La&nbsp;gestion de la livraison de vos commandes.<\/li>\n\n\n\n<li class=\"has-black-color has-text-color has-link-color wp-elements-31bec54b73c18be8db00b1413cd6c1bd\" style=\"font-size:17px\">La&nbsp;gestion de la relation client et de vos r\u00e9clamations.<\/li>\n\n\n\n<li class=\"has-black-color has-text-color has-link-color wp-elements-9250a40013ac12d86d81e0133b61bec4\" style=\"font-size:17px\">La&nbsp;cr\u00e9ation d\u2019une base de donn\u00e9es clients&nbsp;aux fins d\u2019actions de fid\u00e9lisation, de prospection, de promotion, d\u2019\u00e9tudes marketing (am\u00e9liorer votre exp\u00e9rience d\u2019utilisateur et nos services) et ce, conform\u00e9ment \u00e0 la r\u00e8glementation en vigueur.<\/li>\n\n\n\n<li class=\"has-black-color has-text-color has-link-color wp-elements-ac2942fac4fd70206d7f3a255cddd622\" style=\"font-size:17px\">Assurer une navigation personnalis\u00e9e&nbsp;sur le Site&nbsp;: rendre notre Site plus facile \u00e0 utiliser et adapter nos produits et services \u00e0 vos int\u00e9r\u00eats et besoins (historique des derniers produits vus, recommandations personnalis\u00e9es).<\/li>\n\n\n\n<li class=\"has-black-color has-text-color has-link-color wp-elements-042e1db8d705a5f64af6a1418e25c3de\" style=\"font-size:17px\">\u00c0&nbsp;des fins statistiques.<\/li>\n\n\n\n<li class=\"has-black-color has-text-color has-link-color wp-elements-fe23c1479a088c14c76822f5caa1eeb1\" style=\"font-size:17px\">La&nbsp;conformit\u00e9 de Maison Wabi-Sabi \u00e0 ses obligations l\u00e9gales en tant qu\u2019\u00e9diteur&nbsp;de services de communication \u00e9lectronique au public en ligne (pr\u00e9venir ou d\u00e9tecter des fraudes, abus, g\u00e9rer les incidents de s\u00e9curit\u00e9, utilisations et violations de nos conditions g\u00e9n\u00e9rales d\u2019utilisation, am\u00e9lioration des conditions de navigation, etc.).<\/li>\n<\/ul>\n\n\n\n<div style=\"height:50px\" aria-hidden=\"true\" class=\"wp-block-spacer\"><\/div>\n\n\n\n<h2 class=\"wp-block-heading has-text-align-center has-black-color has-text-color has-background\" style=\"background-color:#8d9a83;font-size:21px\"><strong><strong><strong><strong><strong><strong><strong><strong>Pourquoi nous collectons vos donn\u00e9es<\/strong><\/strong><\/strong><\/strong><\/strong><\/strong><\/strong><\/strong><\/h2>\n\n\n\n<div style=\"height:20px\" aria-hidden=\"true\" class=\"wp-block-spacer\"><\/div>\n\n\n\n<p class=\"has-black-color has-text-color\" style=\"font-size:17px\">Les donn\u00e9es personnelles collect\u00e9es sont trait\u00e9es par les collaborateurs internes \u00e0 Maison Wabi-Sabi pour vous fournir les services que vous sollicitez et conform\u00e9ment aux finalit\u00e9s d\u00e9finies.<\/p>\n\n\n\n<p class=\"has-black-color has-text-color\" style=\"font-size:17px\">Maison Wabi-Sabi s\u2019engage \u00e0 ne pas vendre vos donn\u00e9es personnelles \u00e0 des tiers et peut \u00eatre toutefois amen\u00e9 \u00e0 transf\u00e9rer vos donn\u00e9es personnelles \u00e0 certains prestataires et partenaires qui l\u2019aident \u00e0 fournir et am\u00e9liorer ses services, tels que&nbsp;:<\/p>\n\n\n\n<ul style=\"font-size:17px\" class=\"wp-block-list has-black-color has-text-color\">\n<li class=\"has-black-color has-text-color has-link-color wp-elements-8d425af19b50f66085305bcaf8bf4609\" style=\"font-size:17px\">Prestataire logistique et de livraison (transporteurs,&nbsp;coursiers).<\/li>\n\n\n\n<li class=\"has-black-color has-text-color has-link-color wp-elements-a25b92577e05facbef806ad73cb5a7a0\" style=\"font-size:17px\">Prestataire technique (fournisseurs d\u2019acc\u00e8s \u00e0 l\u2019Internet, soci\u00e9t\u00e9s sp\u00e9cialis\u00e9es dans les services informatiques et t\u00e9l\u00e9matiques).<\/li>\n\n\n\n<li class=\"has-black-color has-text-color has-link-color wp-elements-49b14982934cefd652f0b1e145563636\" style=\"font-size:17px\">Prestataire de paiement (op\u00e9rateurs bancaires).<\/li>\n\n\n\n<li class=\"has-black-color has-text-color has-link-color wp-elements-7330f19cf1367c9c3854214d342f4910\" style=\"font-size:17px\">Prestataire marketing&nbsp;(soci\u00e9t\u00e9s qui exercent des activit\u00e9s de marketing [y compris les organisations de m\u00e9dias sociaux], soci\u00e9t\u00e9s sp\u00e9cialis\u00e9es dans les \u00e9tudes de march\u00e9 et le traitement des donn\u00e9es, soci\u00e9t\u00e9s offrant des services de centres d\u2019appel, soci\u00e9t\u00e9s fournissant des services d\u2019\u00e9dition et de distribution).<\/li>\n<\/ul>\n\n\n\n<p class=\"has-black-color has-text-color\" style=\"font-size:17px\">En sa qualit\u00e9 de responsable de traitement, Maison Wabi-Sabi s\u2019assure que l\u2019ensemble de ses prestataires et partenaires, sous-traitants ou co-responsables de traitement, sont conformes au R\u00e8glement G\u00e9n\u00e9ral sur la Protection des Donn\u00e9es (RGPD) et qu\u2019ils mettent notamment en \u0153uvre toutes les mesures techniques et organisationnelles pour assurer la confidentialit\u00e9 et la s\u00e9curit\u00e9 de vos donn\u00e9es.&nbsp;<\/p>\n\n\n\n<p class=\"has-black-color has-text-color\" style=\"font-size:17px\">Lorsque ces partenaires sont situ\u00e9s en dehors de l\u2019Union europ\u00e9enne, Maison Wabi-Sabi prend toutes les mesures appropri\u00e9es pour garantir la s\u00e9curisation de tels transferts par l\u2019une des mesures suivantes&nbsp;:&nbsp;<\/p>\n\n\n\n<ul style=\"font-size:17px\" class=\"wp-block-list has-black-color has-text-color\">\n<li class=\"has-black-color has-text-color has-link-color wp-elements-0079c4f5e44608078058762380af062b\" style=\"font-size:17px\">Soit en obtenant votre consentement expr\u00e8s et non \u00e9quivoque de partager vos donn\u00e9es personnelles avec ces tiers.<\/li>\n\n\n\n<li class=\"has-black-color has-text-color has-link-color wp-elements-2cd7cb252247fb946ec9ab8b90e03d85\" style=\"font-size:17px\">Soit en concluant des contrats de transfert de donn\u00e9es reprenant les clauses types de la Commission europ\u00e9enne ou en imposant le respect des dispositions de l\u2019<a href=\"https:\/\/www.cnil.fr\/fr\/reglement-europeen-protection-donnees\/chapitre4#Article28\" target=\"_blank\" rel=\"noreferrer noopener\"><mark style=\"background-color:rgba(0, 0, 0, 0);color:#8d9a83\" class=\"has-inline-color\">article 28<\/mark><\/a><mark style=\"background-color:rgba(0, 0, 0, 0)\" class=\"has-inline-color has-vivid-red-color\"> <\/mark>du R\u00e8glement G\u00e9n\u00e9ral sur la Protection des Donn\u00e9es (RGPD).<\/li>\n<\/ul>\n\n\n\n<div style=\"height:50px\" aria-hidden=\"true\" class=\"wp-block-spacer\"><\/div>\n\n\n\n<h2 class=\"wp-block-heading has-text-align-center has-black-color has-text-color has-background\" style=\"background-color:#8d9a83;font-size:21px\"><strong><strong><strong><strong><strong><strong><strong><strong><strong>Vos donn\u00e9es&nbsp;sont conserv\u00e9es pendant combien de temps<\/strong><\/strong><\/strong><\/strong><\/strong><\/strong><\/strong><\/strong><\/strong><\/h2>\n\n\n\n<div style=\"height:20px\" aria-hidden=\"true\" class=\"wp-block-spacer\"><\/div>\n\n\n\n<p class=\"has-black-color has-text-color\" style=\"font-size:17px\">Conform\u00e9ment \u00e0 la l\u00e9gislation et r\u00e9glementation en vigueur, nous ne conservons pas vos donn\u00e9es au-del\u00e0 de la dur\u00e9e strictement n\u00e9cessaire aux finalit\u00e9s poursuivies ci-dessus, et cette dur\u00e9e varie en fonction de la finalit\u00e9 du traitement.<\/p>\n\n\n\n<p class=\"has-black-color has-text-color\" style=\"font-size:17px\">\u00c0 l\u2019expiration de cette p\u00e9riode de conservation, vos donn\u00e9es seront d\u00e9finitivement effac\u00e9es ou rendues anonymes de mani\u00e8re irr\u00e9versible.<\/p>\n\n\n\n<ul style=\"font-size:17px\" class=\"wp-block-list has-black-color has-text-color\">\n<li class=\"has-black-color has-text-color has-link-color wp-elements-ac420223257da24762dced034d477d74\" style=\"font-size:17px\"><span style=\"text-decoration: underline;\">Donn\u00e9es de votre compte client :<\/span> 5 ann\u00e9es \u00e0 compter de la fin des relations avec le Site. Le d\u00e9lai commence \u00e0 partir soit de la derni\u00e8re commande, soit de la derni\u00e8re connexion \u00e0 votre compte client, ou du dernier appel au service client, ou de l\u2019envoi d\u2019un courriel au service client, ou d\u2019un clic sur un lien hypertexte d\u2019un courriel adress\u00e9 par Maison Wabi-Sabi, ou de la mise de produits au panier sans concr\u00e9tisation de l\u2019achat. \u00c0 l\u2019issue de ces 5 ans, un courriel vous demandant si vous souhaitez continuer \u00e0 recevoir de la prospection commerciale sera envoy\u00e9. En cas de non r\u00e9ponse ou r\u00e9ponse n\u00e9gative, vos donn\u00e9es seront d\u00e9finitivement effac\u00e9es ou anonymis\u00e9es.<\/li>\n<\/ul>\n\n\n\n<ul style=\"font-size:17px\" class=\"wp-block-list has-black-color has-text-color\">\n<li class=\"has-black-color has-text-color has-link-color wp-elements-c01164894d15e289dc52fc40da87a330\" style=\"font-size:17px\"><span style=\"text-decoration: underline;\">Donn\u00e9es d\u2019achat&nbsp;:<\/span> Conservation des donn\u00e9es de facturation jusqu\u2019\u00e0 la fin de la p\u00e9riode comptable correspondante et de la p\u00e9riode l\u00e9gale de conservation (10 ans).<\/li>\n<\/ul>\n\n\n\n<ul style=\"font-size:17px\" class=\"wp-block-list has-black-color has-text-color\">\n<li class=\"has-black-color has-text-color has-link-color wp-elements-b39adfd629fe4822f2d8ba3c76fd29d8\" style=\"font-size:17px\"><span style=\"text-decoration: underline;\">Abonnement aux communications publicitaires&nbsp;:<\/span> Conservation de vos donn\u00e9es dans ce but jusqu\u2019\u00e0 la fin du service ou jusqu\u2019\u00e0 ce que vous annuliez votre abonnement au service ce qui peut \u00eatre fait \u00e0 tout moment (en cliquant sur le lien \u00ab&nbsp;se d\u00e9sabonner&nbsp;\u00bb figurant \u00e0 la fin de nos lettres d\u2019informations).<\/li>\n<\/ul>\n\n\n\n<div style=\"height:50px\" aria-hidden=\"true\" class=\"wp-block-spacer\"><\/div>\n\n\n\n<h2 class=\"wp-block-heading has-text-align-center has-black-color has-text-color has-background\" style=\"background-color:#8d9a83;font-size:21px\"><strong>Vos droits<\/strong><\/h2>\n\n\n\n<div style=\"height:20px\" aria-hidden=\"true\" class=\"wp-block-spacer\"><\/div>\n\n\n\n<p class=\"has-black-color has-text-color\" style=\"font-size:17px\">Conform\u00e9ment \u00e0 la r\u00e9glementation applicable, vous disposez d\u2019un droit d\u2019interrogation, d\u2019acc\u00e8s, de modification, de limitation, de rectification, de suppression et d\u2019opposition de vos donn\u00e9es \u00e0 caract\u00e8re personnel, ainsi que du droit de d\u00e9finir des directives relatives au sort de vos donn\u00e9es apr\u00e8s votre d\u00e9c\u00e8s.<\/p>\n\n\n\n<p class=\"has-black-color has-text-color\" style=\"font-size:17px\">Vous pouvez \u00e0 tout moment retirer votre consentement \u00e0 recevoir nos informations commerciales.<\/p>\n\n\n\n<p class=\"has-black-color has-text-color\" style=\"font-size:17px\">Vous pouvez demander \u00e0 recevoir une copie de toutes les informations personnelles en notre possession.<\/p>\n\n\n\n<p class=\"has-black-color has-text-color\" style=\"font-size:17px\">Vous pouvez exercer les droits ci-dessus en nous contactant, soit :<\/p>\n\n\n\n<ul style=\"font-size:17px\" class=\"wp-block-list has-black-color has-text-color\">\n<li class=\"has-black-color has-text-color has-link-color wp-elements-cfeffe2a0cf75c3cdc8acf29d75bb605\" style=\"font-size:17px\">Par courrier&nbsp;: Yann TOURET &#8211; Maison Wabi-Sabi &#8211; 89 rue du Faubourg Saint Denis 75010 Paris<\/li>\n\n\n\n<li class=\"has-black-color has-text-color has-link-color wp-elements-ed9b0688945927b1b6dd9d053020aab7\" style=\"font-size:17px\">Par e-mail\u00a0:\u00a0<a href=\"http:\/\/Bonjour@maisonwabisabi.com\"><mark style=\"background-color:rgba(0, 0, 0, 0);color:#8d9a83\" class=\"has-inline-color\">Bonjour@maisonwabisabi.com<\/mark><\/a><\/li>\n\n\n\n<li class=\"has-black-color has-text-color has-link-color wp-elements-0caaaf4a7ee5918a46ac8089bdb89007\" style=\"font-size:17px\">Par t\u00e9l\u00e9phone&nbsp;: +33 (0)6 63 53 30 93<\/li>\n<\/ul>\n\n\n\n<p class=\"has-black-color has-text-color\" style=\"font-size:17px\">Conform\u00e9ment \u00e0 la r\u00e9glementation, vous pouvez introduire toute r\u00e9clamation aupr\u00e8s de l\u2019autorit\u00e9 de contr\u00f4le comp\u00e9tente en France : CNIL \u2013 3 Place de Fontenoy, 75007 Paris.<\/p>\n\n\n\n<div style=\"height:50px\" aria-hidden=\"true\" class=\"wp-block-spacer\"><\/div>\n\n\n\n<h2 class=\"wp-block-heading has-text-align-center has-black-color has-text-color has-background\" style=\"background-color:#8d9a83;font-size:21px\"><strong><strong>Nous prot\u00e9geons vos donn\u00e9es<\/strong><\/strong><\/h2>\n\n\n\n<div style=\"height:20px\" aria-hidden=\"true\" class=\"wp-block-spacer\"><\/div>\n\n\n\n<p class=\"has-black-color has-text-color\" style=\"font-size:17px\">Nous assurons la s\u00e9curit\u00e9 de vos donn\u00e9es personnelles en mettant en place une protection renforc\u00e9e par l\u2019utilisation de mesures de s\u00e9curisation techniques et organisationnelles sp\u00e9cifiques visant \u00e0 emp\u00eacher que vos donn\u00e9es personnelles ne soient utilis\u00e9es de mani\u00e8re illicite ou frauduleuse.<\/p>\n\n\n\n<p class=\"has-black-color has-text-color\" style=\"font-size:17px\">Nous veillons particuli\u00e8rement \u00e0 ce que vos donn\u00e9es \u00e0 caract\u00e8re personnel ne soient pas divulgu\u00e9es, d\u00e9form\u00e9es, endommag\u00e9es\/ alt\u00e9r\u00e9es ou que des tiers non autoris\u00e9s n\u2019y aient acc\u00e8s.<\/p>\n\n\n\n<p class=\"has-black-color has-text-color\" style=\"font-size:17px\">Nous sommes form\u00e9s \u00e0 l\u2019importance de la confidentialit\u00e9 et de la protection des donn\u00e9es personnelles.<\/p>\n\n\n\n<div style=\"height:50px\" aria-hidden=\"true\" class=\"wp-block-spacer\"><\/div>\n\n\n\n<h2 class=\"wp-block-heading has-text-align-center has-black-color has-text-color has-background\" style=\"background-color:#8d9a83;font-size:21px\"><strong><strong><strong>Notre gestion des cookies<\/strong><\/strong><\/strong><\/h2>\n\n\n\n<div style=\"height:20px\" aria-hidden=\"true\" class=\"wp-block-spacer\"><\/div>\n\n\n\n<p class=\"has-black-color has-text-color\" style=\"font-size:17px\">Nous utilisons diff\u00e9rents cookies sur le site pour am\u00e9liorer l\u2019interactivit\u00e9 du Site et&nbsp;nos services.<\/p>\n\n\n\n<p class=\"has-black-color has-text-color\" style=\"font-size:17px\">Qu\u2019est-ce qu\u2019un \u00ab&nbsp;cookie&nbsp;\u00bb&nbsp;?&nbsp;: C\u2019est un fichier de taille limit\u00e9e, g\u00e9n\u00e9ralement constitu\u00e9 de lettres et de chiffres, envoy\u00e9 par le serveur internet au fichier cookie du navigateur situ\u00e9 sur le disque dur de votre ordinateur.<\/p>\n\n\n\n<p class=\"has-black-color has-text-color\" style=\"font-size:17px\">Quels cookies utilisons-nous&nbsp;?&nbsp;: Nous utilisons diff\u00e9rents types de cookies dont les finalit\u00e9s sont d\u00e9crites ci-apr\u00e8s&nbsp;:<\/p>\n\n\n\n<ul style=\"font-size:17px\" class=\"wp-block-list has-black-color has-text-color\">\n<li class=\"has-black-color has-text-color has-link-color wp-elements-b1f988a2d5bc188e79884e364170a891\" style=\"font-size:17px\"><span style=\"text-decoration: underline;\">Les cookies strictement n\u00e9cessaires au fonctionnement du Site&nbsp;:<\/span> Il s\u2019agit des cookies indispensables \u00e0 la navigation sur notre Site (comme les identifiants de session) qui vous permettent d\u2019utiliser les principales fonctionnalit\u00e9s du site et de s\u00e9curiser votre connexion. Ils vous permettent par exemple d\u2019acc\u00e9der directement \u00e0 des espaces r\u00e9serv\u00e9s et personnels de notre Site, gr\u00e2ce \u00e0 des identifiants ou des donn\u00e9es que vous nous avez \u00e9ventuellement ant\u00e9rieurement confi\u00e9s. Sans ces cookies vous ne pourrez utiliser normalement le Site, nous vous d\u00e9conseillons de les supprimer.<\/li>\n<\/ul>\n\n\n\n<ul style=\"font-size:17px\" class=\"wp-block-list has-black-color has-text-color\">\n<li class=\"has-black-color has-text-color has-link-color wp-elements-b0f6eb178dda8292ae47ff83f32ae7ec\" style=\"font-size:17px\"><span style=\"text-decoration: underline;\">Les cookies de fonctionnalit\u00e9&nbsp;:<\/span> Ces cookies ne sont pas indispensables \u00e0 la navigation sur notre Site mais permettent d\u2019optimiser son fonctionnement et de vous donner acc\u00e8s \u00e0 des fonctionnalit\u00e9s sp\u00e9cifiques. Ils vous permettent \u00e9galement d\u2019adapter la pr\u00e9sentation de notre Site aux pr\u00e9f\u00e9rences d\u2019affichage de votre terminal. Ces cookies vous permettent ainsi d\u2019avoir une navigation fluide et sur mesure. Placer des cookies sur votre terminal est le moyen le plus simple et le plus rapide pour personnaliser et am\u00e9liorer votre exp\u00e9rience utilisateur.<\/li>\n<\/ul>\n\n\n\n<ul style=\"font-size:17px\" class=\"wp-block-list has-black-color has-text-color\">\n<li class=\"has-black-color has-text-color has-link-color wp-elements-acf2060200498eeadcd826eaf5046393\" style=\"font-size:17px\"><span style=\"text-decoration: underline;\">Les cookies analytiques&nbsp;:<\/span> Il s\u2019agit de cookies qui nous permettent de conna\u00eetre l\u2019utilisation et les performances de notre Site, d\u2019\u00e9tablir des statistiques, des volumes de fr\u00e9quentation et d\u2019utilisation des divers \u00e9l\u00e9ments de notre Site (contenus visit\u00e9s, parcours) nous permettant d\u2019am\u00e9liorer l\u2019int\u00e9r\u00eat et l\u2019ergonomie de nos services.&nbsp;<\/li>\n<\/ul>\n\n\n\n<ul style=\"font-size:17px\" class=\"wp-block-list has-black-color has-text-color\">\n<li class=\"has-black-color has-text-color has-link-color wp-elements-ed32d6d5f63eb14331ea38bec10552ca\" style=\"font-size:17px\"><span style=\"text-decoration: underline;\">Les cookies de partage (liens sociaux)&nbsp;:<\/span> Notre Site contient des liens de partage vers Facebook, Instagram, et autre r\u00e9seau social similaire, qui vous permettent de partager des contenus de notre Site avec d\u2019autres personnes. Lorsque vous utilisez ces boutons de partage, un cookie tiers est install\u00e9. Si vous \u00eates connect\u00e9s au r\u00e9seau social lors de votre navigation sur notre site, les boutons de partage permettent de relier les contenus consult\u00e9s \u00e0 votre compte utilisateur. Nous vous invitons \u00e0 consulter les politiques de protection de la vie priv\u00e9e de ces r\u00e9seaux sociaux afin de prendre connaissance des finalit\u00e9s d\u2019utilisation, notamment publicitaires, des informations de navigation qu\u2019ils peuvent recueillir gr\u00e2ce \u00e0 ces boutons applicatifs.<\/li>\n<\/ul>\n\n\n\n<ul style=\"font-size:17px\" class=\"wp-block-list has-black-color has-text-color\">\n<li class=\"has-black-color has-text-color has-link-color wp-elements-97d7ac951040a550ce3cfc98e1873e8d\" style=\"font-size:17px\"><span style=\"text-decoration: underline;\">Les cookies publicitaires&nbsp;:<\/span> Il s\u2019agit de cookies utilis\u00e9s pour vous proposer des publicit\u00e9s adapt\u00e9es \u00e0 vos centres d\u2019int\u00e9r\u00eats, sur notre Site mais aussi d\u2019autres sites. Ils sont notamment utilis\u00e9s pour limiter le nombre de fois o\u00f9 vous voyez une publicit\u00e9 et aider \u00e0 mesurer l\u2019efficacit\u00e9 d\u2019une campagne publicitaire. La pertinence des contenus publicitaires affich\u00e9s sur votre terminal peut \u00e9galement \u00eatre r\u00e9alis\u00e9e par l\u2019association des informations de navigation de votre terminal sur notre Site avec les donn\u00e9es que vous nous avez fournies. Le refus de ces cookies publicitaires n\u2019a pas d\u2019impact sur l\u2019utilisation de notre Site. Cependant, le fait de les refuser n\u2019entrainera pas l\u2019arr\u00eat de la publicit\u00e9 sur notre Site ou sur Internet, cela aura seulement pour effet d\u2019afficher une publicit\u00e9 (qui ne tiendra pas compte de vos centres d\u2019int\u00e9r\u00eat ou de vos pr\u00e9f\u00e9rences). Ces cookies sont majoritairement des cookies tiers et d\u00e9pendent principalement des r\u00e9gies publicitaires.<\/li>\n<\/ul>\n\n\n\n<div style=\"height:50px\" aria-hidden=\"true\" class=\"wp-block-spacer\"><\/div>\n\n\n\n<h2 class=\"wp-block-heading has-text-align-center has-black-color has-text-color has-background\" style=\"background-color:#8d9a83;font-size:21px\"><strong><strong><strong>Commentaires<\/strong><\/strong><\/strong><\/h2>\n\n\n\n<div style=\"height:20px\" aria-hidden=\"true\" class=\"wp-block-spacer\"><\/div>\n\n\n\n<p class=\"has-black-color has-text-color\" style=\"font-size:17px\">Quand vous laissez un commentaire sur notre site. Les donn\u00e9es inscrites dans le formulaire de commentaire, l&rsquo;adresse IP et l\u2019agent utilisateur de votre navigateur sont collect\u00e9s pour nous aider \u00e0 la d\u00e9tection des commentaires ind\u00e9sirables.<\/p>\n\n\n\n<p class=\"has-black-color has-text-color\" style=\"font-size:17px\">Une cha\u00eene anonymis\u00e9e cr\u00e9\u00e9e \u00e0 partir de votre adresse e-mail (\u00e9galement appel\u00e9e hash) peut \u00eatre envoy\u00e9e au service Gravatar pour v\u00e9rifier si vous utilisez ce dernier. Les clauses de confidentialit\u00e9 du service Gravatar sont disponibles =&gt; <a href=\"https:\/\/automattic.com\/fr\/privacy\/\" target=\"_blank\" rel=\"noreferrer noopener\">ici<\/a>. Apr\u00e8s validation de votre commentaire, votre photo de profil sera visible publiquement \u00e0 cot\u00e9 de votre commentaire.<\/p>\n\n\n\n<div style=\"height:50px\" aria-hidden=\"true\" class=\"wp-block-spacer\"><\/div>\n\n\n\n<h2 class=\"wp-block-heading has-text-align-center has-black-color has-text-color has-background\" style=\"background-color:#8d9a83;font-size:21px\"><strong><strong><strong><strong>Contenu embarqu\u00e9 depuis d\u2019autres sites<\/strong><\/strong><\/strong><\/strong><\/h2>\n\n\n\n<div style=\"height:20px\" aria-hidden=\"true\" class=\"wp-block-spacer\"><\/div>\n\n\n\n<p class=\"has-black-color has-text-color\" style=\"font-size:17px\">Les articles de ce site peuvent inclure des contenus int\u00e9gr\u00e9s (par exemple des vid\u00e9os, images, articles\u2026). Le contenu int\u00e9gr\u00e9 depuis d\u2019autres sites se comporte de la m\u00eame mani\u00e8re que si le visiteur se rendait sur cet autre site.<\/p>\n\n\n\n<p class=\"has-black-color has-text-color\" style=\"font-size:17px\">Ces sites web pourraient collecter des donn\u00e9es sur vous, utiliser des cookies et embarquer des outils de suivis tiers. Suivre vos interactions avec ces contenus embarqu\u00e9s si vous disposez d\u2019un compte connect\u00e9 sur leur site web.<\/p>\n\n\n\n<div style=\"height:100px\" aria-hidden=\"true\" class=\"wp-block-spacer\"><\/div>\n","protected":false},"excerpt":{"rendered":"<p>Politique de confidentialit\u00e9 Au regard de la confiance dont vous nous t\u00e9moignez en nous communiquant certaines de vos donn\u00e9es personnelles, [&hellip;]<\/p>\n","protected":false},"author":1,"featured_media":0,"parent":0,"menu_order":0,"comment_status":"closed","ping_status":"closed","template":"","meta":{"site-sidebar-layout":"default","site-content-layout":"","ast-site-content-layout":"default","site-content-style":"default","site-sidebar-style":"default","ast-global-header-display":"","ast-banner-title-visibility":"","ast-main-header-display":"","ast-hfb-above-header-display":"","ast-hfb-below-header-display":"","ast-hfb-mobile-header-display":"","site-post-title":"disabled","ast-breadcrumbs-content":"","ast-featured-img":"","footer-sml-layout":"","ast-disable-related-posts":"","theme-transparent-header-meta":"","adv-header-id-meta":"","stick-header-meta":"","header-above-stick-meta":"","header-main-stick-meta":"","header-below-stick-meta":"","astra-migrate-meta-layouts":"default","ast-page-background-enabled":"default","ast-page-background-meta":{"desktop":{"background-color":"var(--ast-global-color-5)","background-image":"","background-repeat":"repeat","background-position":"center center","background-size":"auto","background-attachment":"scroll","background-type":"","background-media":"","overlay-type":"","overlay-color":"","overlay-opacity":"","overlay-gradient":""},"tablet":{"background-color":"","background-image":"","background-repeat":"repeat","background-position":"center center","background-size":"auto","background-attachment":"scroll","background-type":"","background-media":"","overlay-type":"","overlay-color":"","overlay-opacity":"","overlay-gradient":""},"mobile":{"background-color":"","background-image":"","background-repeat":"repeat","background-position":"center center","background-size":"auto","background-attachment":"scroll","background-type":"","background-media":"","overlay-type":"","overlay-color":"","overlay-opacity":"","overlay-gradient":""}},"ast-content-background-meta":{"desktop":{"background-color":"var(--ast-global-color-4)","background-image":"","background-repeat":"repeat","background-position":"center center","background-size":"auto","background-attachment":"scroll","background-type":"","background-media":"","overlay-type":"","overlay-color":"","overlay-opacity":"","overlay-gradient":""},"tablet":{"background-color":"var(--ast-global-color-4)","background-image":"","background-repeat":"repeat","background-position":"center center","background-size":"auto","background-attachment":"scroll","background-type":"","background-media":"","overlay-type":"","overlay-color":"","overlay-opacity":"","overlay-gradient":""},"mobile":{"background-color":"var(--ast-global-color-4)","background-image":"","background-repeat":"repeat","background-position":"center center","background-size":"auto","background-attachment":"scroll","background-type":"","background-media":"","overlay-type":"","overlay-color":"","overlay-opacity":"","overlay-gradient":""}},"footnotes":""},"class_list":["post-469","page","type-page","status-publish","hentry"],"yoast_head":"<!-- This site is optimized with the Yoast SEO plugin v27.4 - https:\/\/yoast.com\/product\/yoast-seo-wordpress\/ -->\n<title>Politique de confidentialit\u00e9 - Maison Wabi-Sabi - C\u00e9ramique d&#039;art du quotidien<\/title>\n<meta name=\"description\" content=\"Politique de confidentialit\u00e9. Commentaires, M\u00e9dias, Cookies, Contenu, Utilisation, transmission, stockage, droits des donn\u00e9es personnelles.\" \/>\n<meta name=\"robots\" content=\"index, follow, max-snippet:-1, max-image-preview:large, max-video-preview:-1\" \/>\n<link rel=\"canonical\" href=\"https:\/\/www.maisonwabisabi.com\/en\/politique-de-confidentialite\/\" \/>\n<meta property=\"og:locale\" content=\"en_GB\" \/>\n<meta property=\"og:type\" content=\"article\" \/>\n<meta property=\"og:title\" content=\"Politique de confidentialit\u00e9 - Maison Wabi-Sabi - C\u00e9ramique d&#039;art du quotidien\" \/>\n<meta property=\"og:description\" content=\"Politique de confidentialit\u00e9. Commentaires, M\u00e9dias, Cookies, Contenu, Utilisation, transmission, stockage, droits des donn\u00e9es personnelles.\" \/>\n<meta property=\"og:url\" content=\"https:\/\/www.maisonwabisabi.com\/en\/politique-de-confidentialite\/\" \/>\n<meta property=\"og:site_name\" content=\"Maison Wabi-Sabi\" \/>\n<meta property=\"article:publisher\" content=\"https:\/\/www.facebook.com\/MaisonWabiSabi\" \/>\n<meta property=\"article:modified_time\" content=\"2025-07-01T22:00:54+00:00\" \/>\n<meta name=\"twitter:card\" content=\"summary_large_image\" \/>\n<meta name=\"twitter:label1\" content=\"Estimated reading time\" \/>\n\t<meta name=\"twitter:data1\" content=\"11 minutes\" \/>\n<script type=\"application\/ld+json\" class=\"yoast-schema-graph\">{\"@context\":\"https:\\\/\\\/schema.org\",\"@graph\":[{\"@type\":\"WebPage\",\"@id\":\"https:\\\/\\\/www.maisonwabisabi.com\\\/politique-de-confidentialite\\\/\",\"url\":\"https:\\\/\\\/www.maisonwabisabi.com\\\/politique-de-confidentialite\\\/\",\"name\":\"Politique de confidentialit\u00e9 - Maison Wabi-Sabi - C\u00e9ramique d'art du quotidien\",\"isPartOf\":{\"@id\":\"https:\\\/\\\/www.maisonwabisabi.com\\\/#website\"},\"datePublished\":\"2021-10-29T16:00:45+00:00\",\"dateModified\":\"2025-07-01T22:00:54+00:00\",\"description\":\"Politique de confidentialit\u00e9. Commentaires, M\u00e9dias, Cookies, Contenu, Utilisation, transmission, stockage, droits des donn\u00e9es personnelles.\",\"breadcrumb\":{\"@id\":\"https:\\\/\\\/www.maisonwabisabi.com\\\/politique-de-confidentialite\\\/#breadcrumb\"},\"inLanguage\":\"en-GB\",\"potentialAction\":[{\"@type\":\"ReadAction\",\"target\":[\"https:\\\/\\\/www.maisonwabisabi.com\\\/politique-de-confidentialite\\\/\"]}]},{\"@type\":\"BreadcrumbList\",\"@id\":\"https:\\\/\\\/www.maisonwabisabi.com\\\/politique-de-confidentialite\\\/#breadcrumb\",\"itemListElement\":[{\"@type\":\"ListItem\",\"position\":1,\"name\":\"Bienvenue\",\"item\":\"https:\\\/\\\/www.maisonwabisabi.com\\\/\"},{\"@type\":\"ListItem\",\"position\":2,\"name\":\"Politique de confidentialit\u00e9\"}]},{\"@type\":\"WebSite\",\"@id\":\"https:\\\/\\\/www.maisonwabisabi.com\\\/#website\",\"url\":\"https:\\\/\\\/www.maisonwabisabi.com\\\/\",\"name\":\"Maison Wabi-Sabi\",\"description\":\"\",\"publisher\":{\"@id\":\"https:\\\/\\\/www.maisonwabisabi.com\\\/#organization\"},\"potentialAction\":[{\"@type\":\"SearchAction\",\"target\":{\"@type\":\"EntryPoint\",\"urlTemplate\":\"https:\\\/\\\/www.maisonwabisabi.com\\\/?s={search_term_string}\"},\"query-input\":{\"@type\":\"PropertyValueSpecification\",\"valueRequired\":true,\"valueName\":\"search_term_string\"}}],\"inLanguage\":\"en-GB\"},{\"@type\":\"Organization\",\"@id\":\"https:\\\/\\\/www.maisonwabisabi.com\\\/#organization\",\"name\":\"Maison Wabi-Sabi\",\"url\":\"https:\\\/\\\/www.maisonwabisabi.com\\\/\",\"logo\":{\"@type\":\"ImageObject\",\"inLanguage\":\"en-GB\",\"@id\":\"https:\\\/\\\/www.maisonwabisabi.com\\\/#\\\/schema\\\/logo\\\/image\\\/\",\"url\":\"https:\\\/\\\/www.maisonwabisabi.com\\\/wp-content\\\/uploads\\\/2021\\\/11\\\/Logo-de-maison-Wabi-Sabi.jpg\",\"contentUrl\":\"https:\\\/\\\/www.maisonwabisabi.com\\\/wp-content\\\/uploads\\\/2021\\\/11\\\/Logo-de-maison-Wabi-Sabi.jpg\",\"width\":1024,\"height\":1024,\"caption\":\"Maison Wabi-Sabi\"},\"image\":{\"@id\":\"https:\\\/\\\/www.maisonwabisabi.com\\\/#\\\/schema\\\/logo\\\/image\\\/\"},\"sameAs\":[\"https:\\\/\\\/www.facebook.com\\\/MaisonWabiSabi\",\"https:\\\/\\\/www.instagram.com\\\/maison.wabi.sabi\\\/?hl=fr\",\"https:\\\/\\\/www.linkedin.com\\\/company\\\/69088467\"]}]}<\/script>\n<!-- \/ Yoast SEO plugin. -->","yoast_head_json":{"title":"Politique de confidentialit\u00e9 - Maison Wabi-Sabi - C\u00e9ramique d'art du quotidien","description":"Politique de confidentialit\u00e9. Commentaires, M\u00e9dias, Cookies, Contenu, Utilisation, transmission, stockage, droits des donn\u00e9es personnelles.","robots":{"index":"index","follow":"follow","max-snippet":"max-snippet:-1","max-image-preview":"max-image-preview:large","max-video-preview":"max-video-preview:-1"},"canonical":"https:\/\/www.maisonwabisabi.com\/en\/politique-de-confidentialite\/","og_locale":"en_GB","og_type":"article","og_title":"Politique de confidentialit\u00e9 - Maison Wabi-Sabi - C\u00e9ramique d'art du quotidien","og_description":"Politique de confidentialit\u00e9. Commentaires, M\u00e9dias, Cookies, Contenu, Utilisation, transmission, stockage, droits des donn\u00e9es personnelles.","og_url":"https:\/\/www.maisonwabisabi.com\/en\/politique-de-confidentialite\/","og_site_name":"Maison Wabi-Sabi","article_publisher":"https:\/\/www.facebook.com\/MaisonWabiSabi","article_modified_time":"2025-07-01T22:00:54+00:00","twitter_card":"summary_large_image","twitter_misc":{"Estimated reading time":"11 minutes"},"schema":{"@context":"https:\/\/schema.org","@graph":[{"@type":"WebPage","@id":"https:\/\/www.maisonwabisabi.com\/politique-de-confidentialite\/","url":"https:\/\/www.maisonwabisabi.com\/politique-de-confidentialite\/","name":"Politique de confidentialit\u00e9 - Maison Wabi-Sabi - C\u00e9ramique d'art du quotidien","isPartOf":{"@id":"https:\/\/www.maisonwabisabi.com\/#website"},"datePublished":"2021-10-29T16:00:45+00:00","dateModified":"2025-07-01T22:00:54+00:00","description":"Politique de confidentialit\u00e9. Commentaires, M\u00e9dias, Cookies, Contenu, Utilisation, transmission, stockage, droits des donn\u00e9es personnelles.","breadcrumb":{"@id":"https:\/\/www.maisonwabisabi.com\/politique-de-confidentialite\/#breadcrumb"},"inLanguage":"en-GB","potentialAction":[{"@type":"ReadAction","target":["https:\/\/www.maisonwabisabi.com\/politique-de-confidentialite\/"]}]},{"@type":"BreadcrumbList","@id":"https:\/\/www.maisonwabisabi.com\/politique-de-confidentialite\/#breadcrumb","itemListElement":[{"@type":"ListItem","position":1,"name":"Bienvenue","item":"https:\/\/www.maisonwabisabi.com\/"},{"@type":"ListItem","position":2,"name":"Politique de confidentialit\u00e9"}]},{"@type":"WebSite","@id":"https:\/\/www.maisonwabisabi.com\/#website","url":"https:\/\/www.maisonwabisabi.com\/","name":"Maison Wabi-Sabi","description":"","publisher":{"@id":"https:\/\/www.maisonwabisabi.com\/#organization"},"potentialAction":[{"@type":"SearchAction","target":{"@type":"EntryPoint","urlTemplate":"https:\/\/www.maisonwabisabi.com\/?s={search_term_string}"},"query-input":{"@type":"PropertyValueSpecification","valueRequired":true,"valueName":"search_term_string"}}],"inLanguage":"en-GB"},{"@type":"Organization","@id":"https:\/\/www.maisonwabisabi.com\/#organization","name":"Maison Wabi-Sabi","url":"https:\/\/www.maisonwabisabi.com\/","logo":{"@type":"ImageObject","inLanguage":"en-GB","@id":"https:\/\/www.maisonwabisabi.com\/#\/schema\/logo\/image\/","url":"https:\/\/www.maisonwabisabi.com\/wp-content\/uploads\/2021\/11\/Logo-de-maison-Wabi-Sabi.jpg","contentUrl":"https:\/\/www.maisonwabisabi.com\/wp-content\/uploads\/2021\/11\/Logo-de-maison-Wabi-Sabi.jpg","width":1024,"height":1024,"caption":"Maison Wabi-Sabi"},"image":{"@id":"https:\/\/www.maisonwabisabi.com\/#\/schema\/logo\/image\/"},"sameAs":["https:\/\/www.facebook.com\/MaisonWabiSabi","https:\/\/www.instagram.com\/maison.wabi.sabi\/?hl=fr","https:\/\/www.linkedin.com\/company\/69088467"]}]}},"_links":{"self":[{"href":"https:\/\/www.maisonwabisabi.com\/en\/wp-json\/wp\/v2\/pages\/469","targetHints":{"allow":["GET"]}}],"collection":[{"href":"https:\/\/www.maisonwabisabi.com\/en\/wp-json\/wp\/v2\/pages"}],"about":[{"href":"https:\/\/www.maisonwabisabi.com\/en\/wp-json\/wp\/v2\/types\/page"}],"author":[{"embeddable":true,"href":"https:\/\/www.maisonwabisabi.com\/en\/wp-json\/wp\/v2\/users\/1"}],"replies":[{"embeddable":true,"href":"https:\/\/www.maisonwabisabi.com\/en\/wp-json\/wp\/v2\/comments?post=469"}],"version-history":[{"count":2,"href":"https:\/\/www.maisonwabisabi.com\/en\/wp-json\/wp\/v2\/pages\/469\/revisions"}],"predecessor-version":[{"id":35707,"href":"https:\/\/www.maisonwabisabi.com\/en\/wp-json\/wp\/v2\/pages\/469\/revisions\/35707"}],"wp:attachment":[{"href":"https:\/\/www.maisonwabisabi.com\/en\/wp-json\/wp\/v2\/media?parent=469"}],"curies":[{"name":"wp","href":"https:\/\/api.w.org\/{rel}","templated":true}]}}