{"id":32,"date":"2021-06-22T20:38:22","date_gmt":"2021-06-22T18:38:22","guid":{"rendered":"https:\/\/www.maisonwabisabi.com\/?page_id=32"},"modified":"2025-07-01T23:06:43","modified_gmt":"2025-07-01T21:06:43","slug":"notre-histoire","status":"publish","type":"page","link":"https:\/\/www.maisonwabisabi.com\/en\/notre-histoire\/","title":{"rendered":"Our history"},"content":{"rendered":"<div style=\"height:20px\" aria-hidden=\"true\" class=\"wp-block-spacer\"><\/div>\n\n\n\n<h1 class=\"wp-block-heading has-text-align-center has-black-color has-text-color has-background has-link-color wp-elements-fc6dedfdb071558a213a2f997e9d3d82\" style=\"background-color:#8d9a83;font-size:21px\"><strong>Yann san et Maison Wabi-Sabi<\/strong><\/h1>\n\n\n\n<div style=\"height:20px\" aria-hidden=\"true\" class=\"wp-block-spacer\"><\/div>\n\n\n\n<div class=\"wp-block-media-text is-stacked-on-mobile\"><figure class=\"wp-block-media-text__media\"><img loading=\"lazy\" decoding=\"async\" width=\"1024\" height=\"1024\" src=\"https:\/\/www.maisonwabisabi.com\/wp-content\/uploads\/2023\/07\/Notre-Histoire-Maison-de-the-Jo-an-Urakuen2.jpg\" alt=\"Notre Histoire - Maison de the\u0301 Jo\u0304-an (Urakuen)2\" class=\"wp-image-19733 size-full\" srcset=\"https:\/\/www.maisonwabisabi.com\/wp-content\/uploads\/2023\/07\/Notre-Histoire-Maison-de-the-Jo-an-Urakuen2.jpg 1024w, https:\/\/www.maisonwabisabi.com\/wp-content\/uploads\/2023\/07\/Notre-Histoire-Maison-de-the-Jo-an-Urakuen2-300x300.jpg 300w, https:\/\/www.maisonwabisabi.com\/wp-content\/uploads\/2023\/07\/Notre-Histoire-Maison-de-the-Jo-an-Urakuen2-150x150.jpg 150w, https:\/\/www.maisonwabisabi.com\/wp-content\/uploads\/2023\/07\/Notre-Histoire-Maison-de-the-Jo-an-Urakuen2-768x768.jpg 768w, https:\/\/www.maisonwabisabi.com\/wp-content\/uploads\/2023\/07\/Notre-Histoire-Maison-de-the-Jo-an-Urakuen2-600x600.jpg 600w, https:\/\/www.maisonwabisabi.com\/wp-content\/uploads\/2023\/07\/Notre-Histoire-Maison-de-the-Jo-an-Urakuen2-100x100.jpg 100w\" sizes=\"auto, (max-width: 1024px) 100vw, 1024px\" \/><\/figure><div class=\"wp-block-media-text__content\">\n<p><\/p>\n\n\n\n<p class=\"has-black-color has-text-color\" style=\"font-size:17px\">\u00ab\u00a0Tout d&rsquo;abord Bonjour \u00e0 toutes et \u00e0 tous. Je me pr\u00e9sente Yann TOURET ou Yann san (mes coll\u00e8gues chez MUJI, m&rsquo;appelait ainsi). Je suis passionn\u00e9 par l&rsquo;artisanat depuis mon enfance. Je voulais \u00eatre menuisier ou restaurateur de vitraux. Mais mon parcours scolaire et professionnel a commenc\u00e9 dans le retail et l\u2019op\u00e9rationnel avec la cr\u00e9ation de 2 magasins saisonniers dans la Ville Close \u00e0&nbsp;<a style=\"font-family: inherit; font-style: normal; font-weight: 400; font-size: 17px; background-color: #ffffff;\" href=\"https:\/\/www.concarneau.fr\/ville\/\" target=\"_blank\" rel=\"noreferrer noopener\"><mark style=\"background-color:rgba(0, 0, 0, 0);color:#8d9a83\" class=\"has-inline-color\">Concarneau<\/mark><\/a>, en&nbsp;<a style=\"font-family: inherit; font-style: normal; font-weight: 400; font-size: 17px; background-color: #ffffff;\" href=\"https:\/\/www.bretagne.bzh\/\" target=\"_blank\" rel=\"noreferrer noopener\"><mark style=\"background-color:rgba(0, 0, 0, 0);color:#8d9a83\" class=\"has-inline-color\">Bretagne<\/mark><\/a>&nbsp;: L&rsquo;Embarcad\u00e8re et L&rsquo;Embarcad\u00e8re Junior. Nous vendions des v\u00eatements marins et de la d\u00e9coration marine.\u00a0\u00bb<\/p>\n\n\n\n<p class=\"has-black-color has-text-color\" style=\"font-size:17px\">\u00ab\u00a0J&rsquo;arrive \u00e0 Paris en D\u00e9cembre 2004. Je travaille pendant 12 ans pour l&rsquo;enseigne japonaise&nbsp;<a style=\"font-family: inherit; font-style: normal; font-weight: 400; font-size: 17px; background-color: #ffffff;\" href=\"https:\/\/muji.fr\/\" target=\"_blank\" rel=\"noreferrer noopener\"><mark style=\"background-color:rgba(0, 0, 0, 0);color:#8d9a83\" class=\"has-inline-color\">MUJI<\/mark><\/a>, de Vendeur \u00e0 Responsable Commercial et Op\u00e9rationnel, puis 1 an et demi d&rsquo;un break bien m\u00e9rit\u00e9, pour d\u00e9couvrir le monde, puis travailler 2 ans pour une enseigne qui a ferm\u00e9 \u00e0 cause de la&nbsp;<a style=\"font-family: inherit; font-style: normal; font-weight: 400; font-size: 17px; background-color: #ffffff;\" href=\"https:\/\/www.gouvernement.fr\/info-coronavirus\" target=\"_blank\" rel=\"noreferrer noopener\"><mark style=\"background-color:rgba(0, 0, 0, 0);color:#8d9a83\" class=\"has-inline-color\">COVID-19<\/mark><\/a>.\u00a0\u00bb<\/p>\n\n\n\n<p class=\"has-black-color has-text-color\" style=\"font-size:17px\">Maison Wabi-Sabi est pr\u00e9sente sur les r\u00e9seaux sociaux depuis Octobre 2017. La <a href=\"https:\/\/www.maisonwabisabi.com\/en\/boutique\/\" target=\"_blank\" rel=\"noreferrer noopener\"><mark style=\"background-color:rgba(0, 0, 0, 0);color:#8d9a83\" class=\"has-inline-color\">boutique en ligne<\/mark><\/a> est cr\u00e9\u00e9e depuis le 1er Mars 2022 avec le lancement de la 1\u00e8re <mark style=\"background-color:rgba(0, 0, 0, 0)\" class=\"has-inline-color has-ast-global-color-6-color\">Collection NATSU 2022<\/mark>, le 21 juin 2022.\u00a0\u00bb<\/p>\n<\/div><\/div>\n\n\n\n<div class=\"wp-block-media-text has-media-on-the-right is-stacked-on-mobile\"><div class=\"wp-block-media-text__content\">\n<p><\/p>\n\n\n\n<p class=\"has-black-color has-text-color\" style=\"font-size:17px\">\u00ab\u00a0J&rsquo;ai d\u00e9couvert le Japon en 2003 en visionnant \u00ab\u00a0<a href=\"https:\/\/www.radiofrance.fr\/franceculture\/podcasts\/la-methode-scientifique\/akira-30-ans-au-compteur-1387891\" target=\"_blank\" rel=\"noreferrer noopener\"><mark style=\"background-color:rgba(0, 0, 0, 0);color:#8d9a83\" class=\"has-inline-color\">Akira\u00a0\u00bb de Katsuhiro OTOMO<\/mark><\/a>. Vraiment impressionn\u00e9 par la puissance visuelle de ce film d&rsquo;animation.\u00a0\u00bb<\/p>\n\n\n\n<p class=\"has-black-color has-text-color\" style=\"font-size:17px\">Synopsis : Tetsuo, un adolescent ayant v\u00e9cu une enfance difficile, est la victime d&rsquo;exp\u00e9riences visant \u00e0 d\u00e9velopper les capacit\u00e9s psychiques qui dorment en chacun de nous. Ainsi dot\u00e9 d&rsquo;une puissance que lui-m\u00eame ne peut imaginer, Tetsuo d\u00e9cide de partir en guerre contre le monde qui l&rsquo;a opprim\u00e9. D\u00e8s lors, il se retrouve au coeur d&rsquo;une l\u00e9gende populaire qui annonce le retour prochain d&rsquo;Akira, un enfant aux pouvoirs extra-ordinaires cens\u00e9 d\u00e9livrer Tokyo du chaos.<\/p>\n\n\n\n<p class=\"has-black-color has-text-color\" style=\"font-size:17px\">\u00ab\u00a0Pas tr\u00e8s joyeux, je vous l&rsquo;accorde, mais j&rsquo;ai commenc\u00e9 \u00e0 faire des recherches sur le Japon : sa culture, ses habitants, sa gastronomie, ses Arts et son artisanat. J&rsquo;ai commenc\u00e9 \u00e0 accumuler beaucoup d&rsquo;informations sur le pays du soleil levant.\u00a0\u00bb<\/p>\n<\/div><figure class=\"wp-block-media-text__media\"><img loading=\"lazy\" decoding=\"async\" width=\"1024\" height=\"1024\" src=\"https:\/\/www.maisonwabisabi.com\/wp-content\/uploads\/2023\/06\/Notre-Histoire-Akira.jpg\" alt=\"Notre histoire - Akira de Katsuhiro OTOMO\" class=\"wp-image-17121 size-full\" srcset=\"https:\/\/www.maisonwabisabi.com\/wp-content\/uploads\/2023\/06\/Notre-Histoire-Akira.jpg 1024w, https:\/\/www.maisonwabisabi.com\/wp-content\/uploads\/2023\/06\/Notre-Histoire-Akira-300x300.jpg 300w, https:\/\/www.maisonwabisabi.com\/wp-content\/uploads\/2023\/06\/Notre-Histoire-Akira-150x150.jpg 150w, https:\/\/www.maisonwabisabi.com\/wp-content\/uploads\/2023\/06\/Notre-Histoire-Akira-768x768.jpg 768w, https:\/\/www.maisonwabisabi.com\/wp-content\/uploads\/2023\/06\/Notre-Histoire-Akira-600x600.jpg 600w, https:\/\/www.maisonwabisabi.com\/wp-content\/uploads\/2023\/06\/Notre-Histoire-Akira-100x100.jpg 100w\" sizes=\"auto, (max-width: 1024px) 100vw, 1024px\" \/><\/figure><\/div>\n\n\n\n<div class=\"wp-block-media-text is-stacked-on-mobile\"><figure class=\"wp-block-media-text__media\"><img loading=\"lazy\" decoding=\"async\" width=\"1024\" height=\"1024\" src=\"https:\/\/www.maisonwabisabi.com\/wp-content\/uploads\/2023\/06\/Rokkasen-Sugata-no-Irodori-www.kabuki21.com_.jpg\" alt=\"Notre Histoire - Heian\" class=\"wp-image-17119 size-full\" srcset=\"https:\/\/www.maisonwabisabi.com\/wp-content\/uploads\/2023\/06\/Rokkasen-Sugata-no-Irodori-www.kabuki21.com_.jpg 1024w, https:\/\/www.maisonwabisabi.com\/wp-content\/uploads\/2023\/06\/Rokkasen-Sugata-no-Irodori-www.kabuki21.com_-300x300.jpg 300w, https:\/\/www.maisonwabisabi.com\/wp-content\/uploads\/2023\/06\/Rokkasen-Sugata-no-Irodori-www.kabuki21.com_-150x150.jpg 150w, https:\/\/www.maisonwabisabi.com\/wp-content\/uploads\/2023\/06\/Rokkasen-Sugata-no-Irodori-www.kabuki21.com_-768x768.jpg 768w, https:\/\/www.maisonwabisabi.com\/wp-content\/uploads\/2023\/06\/Rokkasen-Sugata-no-Irodori-www.kabuki21.com_-600x600.jpg 600w, https:\/\/www.maisonwabisabi.com\/wp-content\/uploads\/2023\/06\/Rokkasen-Sugata-no-Irodori-www.kabuki21.com_-100x100.jpg 100w\" sizes=\"auto, (max-width: 1024px) 100vw, 1024px\" \/><\/figure><div class=\"wp-block-media-text__content\">\n<p><\/p>\n\n\n\n<p class=\"has-black-color has-text-color\" style=\"font-size:17px\">\u00ab\u00a0Je suis litt\u00e9ralement, tomb\u00e9 amoureux de ce pays et en particulier de la <a href=\"https:\/\/www.persee.fr\/doc\/dhjap_0000-0000_1981_dic_7_1_890_t2_0097_0000_2\" target=\"_blank\" rel=\"noreferrer noopener\">p\u00e9riode&nbsp;<mark style=\"background-color:rgba(0, 0, 0, 0);color:#8d9a83\" class=\"has-inline-color\">Heian<\/mark><\/a>&nbsp;(794-1185).<\/p>\n\n\n\n<p class=\"has-black-color has-text-color\" style=\"font-size:17px\">\u00ab\u00a0Elle d\u00e9bute en 794 avec l&rsquo;installation de la capitale imp\u00e9riale \u00e0 Ky\u014dto et s&rsquo;ach\u00e8ve en 1185 avec la naissance du shogunat de Kamakura. Cette \u00e9poque Heian-jidai \u5e73\u5b89\u6642\u4ee3 donne le nom antique de Ky\u014dto : \u00ab\u00a0Heian-ky\u014d &#8211; La capitale de la paix\u00a0\u00bb. Elle repr\u00e9sente dans l&rsquo;histoire nippone une p\u00e9riode d&rsquo;apog\u00e9e culturelle et artistique, ainsi qu&rsquo;un des sommets du pouvoir imp\u00e9rial.\u00a0\u00bb<\/p>\n\n\n\n<p class=\"has-black-color has-text-color\" style=\"font-size:17px\">\u00ab\u00a0Mon amour pour la ville de\u00a0<a href=\"https:\/\/kyoto.travel\/fr\/\"><mark style=\"background-color:rgba(0, 0, 0, 0);color:#8d9a83\" class=\"has-inline-color\">Ky\u014dto<\/mark><\/a>, les arts et l&rsquo;artisanat, les couleurs. Le respect de la nature et des traditions ancestrales sont importantes dans le projet. Un vrai coup de coeur.\u00a0\u00bb<\/p>\n<\/div><\/div>\n\n\n\n<div class=\"wp-block-media-text has-media-on-the-right is-stacked-on-mobile\"><div class=\"wp-block-media-text__content\">\n<p><\/p>\n\n\n\n<p class=\"has-black-color has-text-color\" style=\"font-size:17px\">\u00ab\u00a0Mon premier voyage au Japon a eu lieu en f\u00e9vrier 2008. Je logeais toujours dans la m\u00eame Minshuku, \u00e0 Ky\u014dto. Dans le salon des propri\u00e9taires, un meuble \u00e9tait rempli avec plein de sorte de c\u00e9ramiques. Tous les jours, d\u00e8s que je rentrais de mes promenades touristiques. Yachiyo YASUDA d\u00e9posait dans ma chambre une gourmandise dans une petite assiette, diff\u00e9rente \u00e0 chaque fois, mais toujours en harmonie avec les couleurs ou la saison. J&rsquo;ai toujours les images en t\u00eate de ce meuble et de ces petites attentions. Je souhaite que vous ressentiez la m\u00eame \u00e9motion quand vous utilisez vos c\u00e9ramiques dans votre quotidien.\u00a0\u00bb<\/p>\n\n\n\n<p class=\"has-black-color has-text-color\" style=\"font-size:17px\">\u00ab\u00a0C&rsquo;est durant ce p\u00e9riple que j&rsquo;ai d\u00e9couvert la c\u00e9ramique japonaise et \u00e0 quel point sa pr\u00e9sence \u00e9tait importante dans la vie quotidienne des Japonais. La qualit\u00e9 et la diversit\u00e9 des styles \u00e0 travers le pays m&rsquo;ont vraiment fascin\u00e9. J&rsquo;ai donc voulu approfondir le sujet.\u00a0\u00bb<\/p>\n\n\n\n<p class=\"has-black-color has-text-color\" style=\"font-size:17px\">\u00ab\u00a0Apr\u00e8s 14 voyages au Japon : 4 avec <a href=\"https:\/\/www.muji.com\/fr\/about\/\" target=\"_blank\" rel=\"noreferrer noopener\"><mark style=\"background-color:rgba(0, 0, 0, 0);color:#8d9a83\" class=\"has-inline-color\">MUJI<\/mark><\/a> et 10 autres pour d\u00e9couvrir le pays, presque toujours loin des sentiers touristiques, mais toujours en qu\u00eate d&rsquo;authenticit\u00e9. Pour comprendre et partager la culture du Japon, cet esprit de transmission dans l&rsquo;artisanat qui est essentiel et qui me fait vibrer.\u00a0\u00bb<\/p>\n<\/div><figure class=\"wp-block-media-text__media\"><img loading=\"lazy\" decoding=\"async\" width=\"1024\" height=\"1024\" src=\"https:\/\/www.maisonwabisabi.com\/wp-content\/uploads\/2023\/06\/Notre-Histoire-Kamogawaen.jpg\" alt=\"Notre histoire - Kamogawaen\" class=\"wp-image-17131 size-full\" srcset=\"https:\/\/www.maisonwabisabi.com\/wp-content\/uploads\/2023\/06\/Notre-Histoire-Kamogawaen.jpg 1024w, https:\/\/www.maisonwabisabi.com\/wp-content\/uploads\/2023\/06\/Notre-Histoire-Kamogawaen-300x300.jpg 300w, https:\/\/www.maisonwabisabi.com\/wp-content\/uploads\/2023\/06\/Notre-Histoire-Kamogawaen-150x150.jpg 150w, https:\/\/www.maisonwabisabi.com\/wp-content\/uploads\/2023\/06\/Notre-Histoire-Kamogawaen-768x768.jpg 768w, https:\/\/www.maisonwabisabi.com\/wp-content\/uploads\/2023\/06\/Notre-Histoire-Kamogawaen-600x600.jpg 600w, https:\/\/www.maisonwabisabi.com\/wp-content\/uploads\/2023\/06\/Notre-Histoire-Kamogawaen-100x100.jpg 100w\" sizes=\"auto, (max-width: 1024px) 100vw, 1024px\" \/><\/figure><\/div>\n\n\n\n<p class=\"has-text-align-center has-black-color has-text-color\" style=\"font-size:15px\">Source des photos : japanization.org \/ kabuki21.com \/ Yann san de Maison Wabi-Sabi<\/p>\n\n\n\n<div style=\"height:50px\" aria-hidden=\"true\" class=\"wp-block-spacer\"><\/div>\n\n\n\n<h2 class=\"wp-block-heading has-text-align-center has-black-color has-text-color has-background\" style=\"background-color:#8d9a83;font-size:21px\"><strong><strong><strong><strong style=\"font-family: Arimo, sans-serif; font-size: 21px; font-style: normal; white-space-collapse: collapse; text-align: center;\">Naissance du projet<\/strong><\/strong><\/strong><\/strong><\/h2>\n\n\n\n<div style=\"height:20px\" aria-hidden=\"true\" class=\"wp-block-spacer\"><\/div>\n\n\n\n<div class=\"wp-block-media-text is-stacked-on-mobile\"><figure class=\"wp-block-media-text__media\"><img loading=\"lazy\" decoding=\"async\" width=\"1024\" height=\"1024\" src=\"https:\/\/www.maisonwabisabi.com\/wp-content\/uploads\/2023\/06\/Notre-Histoire-Chashitsu-Iyeya.jpg\" alt=\"Notre Histoire - Maison Wabi-Sabi\" class=\"wp-image-17143 size-full\" srcset=\"https:\/\/www.maisonwabisabi.com\/wp-content\/uploads\/2023\/06\/Notre-Histoire-Chashitsu-Iyeya.jpg 1024w, https:\/\/www.maisonwabisabi.com\/wp-content\/uploads\/2023\/06\/Notre-Histoire-Chashitsu-Iyeya-300x300.jpg 300w, https:\/\/www.maisonwabisabi.com\/wp-content\/uploads\/2023\/06\/Notre-Histoire-Chashitsu-Iyeya-150x150.jpg 150w, https:\/\/www.maisonwabisabi.com\/wp-content\/uploads\/2023\/06\/Notre-Histoire-Chashitsu-Iyeya-768x768.jpg 768w, https:\/\/www.maisonwabisabi.com\/wp-content\/uploads\/2023\/06\/Notre-Histoire-Chashitsu-Iyeya-600x600.jpg 600w, https:\/\/www.maisonwabisabi.com\/wp-content\/uploads\/2023\/06\/Notre-Histoire-Chashitsu-Iyeya-100x100.jpg 100w\" sizes=\"auto, (max-width: 1024px) 100vw, 1024px\" \/><\/figure><div class=\"wp-block-media-text__content\">\n<p><\/p>\n\n\n\n<p class=\"has-black-color has-text-color\" style=\"font-size:17px\">\u00ab\u00a0Le projet <a href=\"https:\/\/www.maisonwabisabi.com\/en\/\" target=\"_blank\" rel=\"noreferrer noopener\"><mark style=\"background-color:rgba(0, 0, 0, 0);color:#8d9a83\" class=\"has-inline-color\">Maison Wabi-Sabi<\/mark><\/a> est n\u00e9 en octobre 2017 : il associe mon exp\u00e9rience professionnelle, mon amour du Japon et de l&rsquo;artisanat, et ma passion pour la c\u00e9ramique japonaise.\u00a0\u00bb<\/p>\n\n\n\n<p class=\"has-black-color has-text-color\" style=\"font-size:17px\">\u00ab\u00a0Le nom \u00ab\u00a0Yann san\u00a0\u00bb vient de chez <a href=\"https:\/\/muji.fr\/\" target=\"_blank\" rel=\"noreferrer noopener\"><mark style=\"background-color:rgba(0, 0, 0, 0);color:#8d9a83\" class=\"has-inline-color\">MUJI<\/mark><\/a>, mes coll\u00e8gues et mes amis japonais m&rsquo;appellent ainsi. L&rsquo;\u00e9criture en kanji pour \u00ab\u00a0Yann san\u00a0\u00bb est comme ceci : \u5c4b\u97f3 \u3055\u3093, et cela signifie : \u00ab\u00a0Le son \u00e0 l&rsquo;int\u00e9rieur de la maison, comme des c\u00e9ramiques qui se chevauchent.\u00a0\u00bb<\/p>\n\n\n\n<p class=\"has-black-color has-text-color\" style=\"font-size:17px\">\u00ab\u00a0Merci beaucoup Junko ERNST SUZUKI pour tes conseils et d&rsquo;avoir trouver les Kanji parfaits pour mon nom.\u00a0\u00bb<\/p>\n<\/div><\/div>\n\n\n\n<div class=\"wp-block-media-text has-media-on-the-right is-stacked-on-mobile\"><div class=\"wp-block-media-text__content\">\n<p><\/p>\n\n\n\n<p class=\"has-black-color has-text-color\" style=\"font-size:17px\">\u00ab\u00a0Le logo repr\u00e9sente la fen\u00eatre ronde de la maison de th\u00e9 japonaise <a href=\"https:\/\/www.meitetsu.co.jp\/urakuen\/Japanese_Garden_Urakuen.pdf\" target=\"_blank\" rel=\"noreferrer noopener\"><mark style=\"background-color:rgba(0, 0, 0, 0);color:#8d9a83\" class=\"has-inline-color\">J\u014d-an<\/mark><\/a>, situ\u00e9e dans le jardin Urakuen \u00e0 Inuyama, pr\u00e9fecture d&rsquo;Aichi.\u00a0\u00bb<\/p>\n\n\n\n<p class=\"has-black-color has-text-color\" style=\"font-size:17px\">\u00ab\u00a0Les <a href=\"https:\/\/www.persee.fr\/doc\/dhjap_0000-0000_1980_dic_5_1_882_t2_0115_0000_5?q=fusuma\" target=\"_blank\" rel=\"noreferrer noopener\"><mark style=\"background-color:rgba(0, 0, 0, 0);color:#8d9a83\" class=\"has-inline-color\">Fusuma<\/mark><\/a> sont des portes coulissantes en bois et en papier <a href=\"https:\/\/www.persee.fr\/doc\/dhjap_0000-0000_1995_dic_20_1_953_t1_0053_0000_2?q=washi\" target=\"_blank\" rel=\"noreferrer noopener\"><mark style=\"background-color:rgba(0, 0, 0, 0);color:#8d9a83\" class=\"has-inline-color\">Washi<\/mark><\/a>. Elles s&rsquo;ouvrent \u00e0 la convivialit\u00e9 autour d&rsquo;une tasse de th\u00e9, dans le <a href=\"https:\/\/www.persee.fr\/doc\/dhjap_0000-0000_1975_dic_3_1_871_t2_0013_0000_2\" target=\"_blank\" rel=\"noreferrer noopener\"><mark style=\"background-color:rgba(0, 0, 0, 0);color:#8d9a83\" class=\"has-inline-color\">Chashitsu<\/mark><\/a>.\u00a0\u00bb<\/p>\n\n\n\n<p class=\"has-black-color has-text-color\" style=\"font-size:17px\">\u00ab\u00a0Le Wabi-Sabi est un point central de la c\u00e9r\u00e9monie du th\u00e9 et surtout pas un effet de mode qui peut \u00eatre utilis\u00e9 \u00e0 toutes les sauces. Les deux mots \u00ab\u00a0Wabi-Sabi\u00a0\u00bb, \u00e9crits au centre du logo, repr\u00e9sentent bien cette imperfection du Wabi.\u00a0\u00bb<\/p>\n\n\n\n<p class=\"has-black-color has-text-color\" style=\"font-size:17px\">\u00ab\u00a0Wabi, c&rsquo;est la simplicit\u00e9, la m\u00e9lancolie, la nature, la dissym\u00e9trie. Sabi, c&rsquo;est l&rsquo;alt\u00e9ration par le temps, la patine des objets, le go\u00fbt pour les objets vieillis.\u00a0\u00bb<\/p>\n<\/div><figure class=\"wp-block-media-text__media\"><img loading=\"lazy\" decoding=\"async\" width=\"1024\" height=\"1024\" src=\"https:\/\/www.maisonwabisabi.com\/wp-content\/uploads\/2023\/06\/Notre-Histoire-Maison-de-the-Jo-an-Urakuen1.jpg\" alt=\"Notre Histoire - Maison de the\u0301 Jo\u0304-an (Urakuen)\" class=\"wp-image-17112 size-full\" srcset=\"https:\/\/www.maisonwabisabi.com\/wp-content\/uploads\/2023\/06\/Notre-Histoire-Maison-de-the-Jo-an-Urakuen1.jpg 1024w, https:\/\/www.maisonwabisabi.com\/wp-content\/uploads\/2023\/06\/Notre-Histoire-Maison-de-the-Jo-an-Urakuen1-300x300.jpg 300w, https:\/\/www.maisonwabisabi.com\/wp-content\/uploads\/2023\/06\/Notre-Histoire-Maison-de-the-Jo-an-Urakuen1-150x150.jpg 150w, https:\/\/www.maisonwabisabi.com\/wp-content\/uploads\/2023\/06\/Notre-Histoire-Maison-de-the-Jo-an-Urakuen1-768x768.jpg 768w, https:\/\/www.maisonwabisabi.com\/wp-content\/uploads\/2023\/06\/Notre-Histoire-Maison-de-the-Jo-an-Urakuen1-600x600.jpg 600w, https:\/\/www.maisonwabisabi.com\/wp-content\/uploads\/2023\/06\/Notre-Histoire-Maison-de-the-Jo-an-Urakuen1-100x100.jpg 100w\" sizes=\"auto, (max-width: 1024px) 100vw, 1024px\" \/><\/figure><\/div>\n\n\n\n<p class=\"has-text-align-center has-black-color has-text-color\" style=\"font-size:15px\">Source des photos : Logo r\u00e9alis\u00e9 par Megumi TERAO et photo <a href=\"http:\/\/iyeya.jp\/\" target=\"_blank\" rel=\"noreferrer noopener\">Iyeya<\/a> \/ Yann san de Maison Wabi-Sabi<\/p>\n\n\n\n<div style=\"height:50px\" aria-hidden=\"true\" class=\"wp-block-spacer\"><\/div>\n\n\n\n<h2 class=\"wp-block-heading has-text-align-center has-black-color has-text-color has-background\" style=\"background-color:#8d9a83;font-size:21px\"><strong><strong><strong><strong style=\"font-family: Arimo, sans-serif; font-size: 21px; font-style: normal; white-space-collapse: collapse; text-align: center;\"><strong style=\"font-family: Arimo, sans-serif; font-size: 21px; font-style: normal; white-space-collapse: collapse; text-align: center;\">Transmission du savoir-faire<\/strong><\/strong><\/strong><\/strong><\/strong><\/h2>\n\n\n\n<div style=\"height:20px\" aria-hidden=\"true\" class=\"wp-block-spacer\"><\/div>\n\n\n\n<div class=\"wp-block-media-text is-stacked-on-mobile\"><figure class=\"wp-block-media-text__media\"><img loading=\"lazy\" decoding=\"async\" width=\"1024\" height=\"1024\" src=\"https:\/\/www.maisonwabisabi.com\/wp-content\/uploads\/2025\/02\/Hideo-HADANO-Noborigama-et-Style.jpg\" alt=\"Hideo HADANO - Noborigama et Style\" class=\"wp-image-33828 size-full\" srcset=\"https:\/\/www.maisonwabisabi.com\/wp-content\/uploads\/2025\/02\/Hideo-HADANO-Noborigama-et-Style.jpg 1024w, https:\/\/www.maisonwabisabi.com\/wp-content\/uploads\/2025\/02\/Hideo-HADANO-Noborigama-et-Style-300x300.jpg 300w, https:\/\/www.maisonwabisabi.com\/wp-content\/uploads\/2025\/02\/Hideo-HADANO-Noborigama-et-Style-150x150.jpg 150w, https:\/\/www.maisonwabisabi.com\/wp-content\/uploads\/2025\/02\/Hideo-HADANO-Noborigama-et-Style-768x768.jpg 768w, https:\/\/www.maisonwabisabi.com\/wp-content\/uploads\/2025\/02\/Hideo-HADANO-Noborigama-et-Style-600x600.jpg 600w, https:\/\/www.maisonwabisabi.com\/wp-content\/uploads\/2025\/02\/Hideo-HADANO-Noborigama-et-Style-100x100.jpg 100w\" sizes=\"auto, (max-width: 1024px) 100vw, 1024px\" \/><\/figure><div class=\"wp-block-media-text__content\">\n<p><\/p>\n\n\n\n<p class=\"has-black-color has-text-color\" style=\"font-size:17px\">\u00ab\u00a0Le but de Maison Wabi-Sabi est de vous faire d\u00e9couvrir la beaut\u00e9 de la c\u00e9ramique japonaise, de conception traditionnelle, fabriqu\u00e9e localement, par des g\u00e9n\u00e9rations de potiers, avec un savoir-faire reconnu mondialement.\u00a0\u00bb<\/p>\n\n\n\n<p class=\"has-black-color has-text-color\" style=\"font-size:17px\">\u00ab\u00a0Comme le dit Yann san : je ne suis pas galeriste, mais je vends de le vaisselle d&rsquo;art, loin de la production de masse que l&rsquo;on retrouve tr\u00e8s souvent dans les grandes enseignes ou les magasins \u00ab\u00a0soi-disant\u00a0\u00bb sp\u00e9cialis\u00e9s avec de la vaisselle japonisante.\u00a0\u00bb<\/p>\n\n\n\n<p class=\"has-black-color has-text-color\" style=\"font-size:17px\">\u00ab\u00a0L&rsquo;artisanat est un bien mat\u00e9riel qu&rsquo;il faut sauvegarder et transmettre aux g\u00e9n\u00e9rations futures. Je souhaite que le travail cr\u00e9atif de ces femmes et de ces hommes prenne une place importante chez vous et dans votre quotidien.\u00a0\u00bb<\/p>\n\n\n\n<p class=\"has-black-color has-text-color\" style=\"font-size:17px\">\u00ab\u00a0Qu&rsquo;il y ait toujours une histoire humaine derri\u00e8re ces objets. Vous pourrez la transmettre \u00e0 vos amis, \u00e0 votre famille et pourquoi pas, cr\u00e9er des vocations dans l&rsquo;artisanat.\u00a0\u00bb<\/p>\n<\/div><\/div>\n\n\n\n<p class=\"has-text-align-center has-black-color has-text-color\" style=\"font-size:15px\">Source des photos : Yann san de Maison Wabi-Sabi<\/p>\n\n\n\n<div style=\"height:50px\" aria-hidden=\"true\" class=\"wp-block-spacer\"><\/div>\n\n\n\n<h2 class=\"wp-block-heading has-text-align-center has-black-color has-text-color has-background\" style=\"background-color:#8d9a83;font-size:21px\"><strong><strong><strong><strong style=\"font-family: Arimo, sans-serif; font-size: 21px; font-style: normal; white-space-collapse: collapse; text-align: center;\"><strong style=\"font-family: Arimo, sans-serif; font-size: 21px; font-style: normal; white-space-collapse: collapse; text-align: center;\">Wabi-Sabi<\/strong><\/strong><\/strong><\/strong><\/strong><\/h2>\n\n\n\n<div style=\"height:20px\" aria-hidden=\"true\" class=\"wp-block-spacer\"><\/div>\n\n\n\n<div class=\"wp-block-media-text has-media-on-the-right is-stacked-on-mobile\"><div class=\"wp-block-media-text__content\">\n<p><\/p>\n\n\n\n<p class=\"has-black-color has-text-color\" style=\"font-size:17px\">\u00ab\u00a0L\u2019art de ces potiers se forge dans l\u2019id\u00e9al esth\u00e9tique des th\u00e9oriciens de la c\u00e9r\u00e9monie du th\u00e9 : le Wabi-Sabi, la contemplation d\u2019une beaut\u00e9 faite de simplicit\u00e9 rustique, d\u2019imperfections, de calme, de solitude et d\u2019usures. Les accidents sont parfois r\u00e9par\u00e9s mais ils demeurent bien visibles. Pourquoi se priver de la chance d\u2019arr\u00eater le temps et de le fixer dans un instantan\u00e9 ? Cette esth\u00e9tique s\u2019appuie sur la pens\u00e9e bouddhiste qui enseigne l\u2019impermanence de toutes choses et sur le tao\u00efsme chinois qui situe l\u2019homme dans le sein de la nature.\u00a0\u00bb Alain Vernis &#8211; <a href=\"https:\/\/www.persee.fr\/doc\/sevre_1169-2537_2012_num_21_1_1006\" target=\"_blank\" rel=\"noreferrer noopener\"><mark style=\"background-color:rgba(0, 0, 0, 0);color:#8d9a83\" class=\"has-inline-color\">Le Tao du Potier<\/mark><\/a><\/p>\n\n\n\n<p class=\"has-black-color has-text-color\" style=\"font-size:17px\">Le Wabi-Sabi et la Voie du th\u00e9 ont un lien tellement fusionnel et codifi\u00e9. Au 15\u00e8me si\u00e8cle, le Chanoyu \u8336\u306e\u6e6f (c\u00e9r\u00e9monie du th\u00e9 en japonais) \u00e9tait r\u00e9serv\u00e9 \u00e0 l\u2019\u00e9lite. Les objets utilis\u00e9s pour la c\u00e9r\u00e9monie \u00e9taient luxueux et en provenance de la Chine. Mais c\u2019est un moine zen, Shuko MURATA \u6751\u7530\u73e0\u5149 (1423-1502) qui d\u00e9cide d\u2019officier des c\u00e9r\u00e9monies de th\u00e9 avec des ustensiles locaux et con\u00e7us de mani\u00e8re artisanale.<\/p>\n\n\n\n<p class=\"has-black-color has-text-color\" style=\"font-size:17px\">C\u2019est au 16\u00e8me si\u00e8cle que le ma\u00eetre de th\u00e9 <a href=\"https:\/\/www.urasenke.org\/tradition\/tradition.php\" target=\"_blank\" rel=\"noreferrer noopener\"><mark style=\"background-color:rgba(0, 0, 0, 0);color:#8d9a83\" class=\"has-inline-color\">Sen no Riky\u016b<\/mark><\/a>&nbsp;\u5343\u5229\u4f11 (1522-1591) utilisera des objets plus sobres, de fabrication locale et artisanale. Il installera son pavillon de th\u00e9 dans une demeure rappelant les huttes de paysans.<\/p>\n<\/div><figure class=\"wp-block-media-text__media\"><img loading=\"lazy\" decoding=\"async\" width=\"1024\" height=\"1024\" src=\"https:\/\/www.maisonwabisabi.com\/wp-content\/uploads\/2023\/05\/Ikebana-Chashitsu.jpg\" alt=\"Ikebana Chashitsu\" class=\"wp-image-15784 size-full\" srcset=\"https:\/\/www.maisonwabisabi.com\/wp-content\/uploads\/2023\/05\/Ikebana-Chashitsu.jpg 1024w, https:\/\/www.maisonwabisabi.com\/wp-content\/uploads\/2023\/05\/Ikebana-Chashitsu-300x300.jpg 300w, https:\/\/www.maisonwabisabi.com\/wp-content\/uploads\/2023\/05\/Ikebana-Chashitsu-150x150.jpg 150w, https:\/\/www.maisonwabisabi.com\/wp-content\/uploads\/2023\/05\/Ikebana-Chashitsu-768x768.jpg 768w, https:\/\/www.maisonwabisabi.com\/wp-content\/uploads\/2023\/05\/Ikebana-Chashitsu-600x600.jpg 600w, https:\/\/www.maisonwabisabi.com\/wp-content\/uploads\/2023\/05\/Ikebana-Chashitsu-100x100.jpg 100w\" sizes=\"auto, (max-width: 1024px) 100vw, 1024px\" \/><\/figure><\/div>\n\n\n\n<div class=\"wp-block-media-text is-stacked-on-mobile\"><figure class=\"wp-block-media-text__media\"><img loading=\"lazy\" decoding=\"async\" width=\"1024\" height=\"1024\" src=\"https:\/\/www.maisonwabisabi.com\/wp-content\/uploads\/2023\/06\/Notre-Histoire-Maison-de-the-280323-Hironaga-Touen1.jpg\" alt=\"Notre histoire - Maison de th\u00e9\" class=\"wp-image-17122 size-full\" srcset=\"https:\/\/www.maisonwabisabi.com\/wp-content\/uploads\/2023\/06\/Notre-Histoire-Maison-de-the-280323-Hironaga-Touen1.jpg 1024w, https:\/\/www.maisonwabisabi.com\/wp-content\/uploads\/2023\/06\/Notre-Histoire-Maison-de-the-280323-Hironaga-Touen1-300x300.jpg 300w, https:\/\/www.maisonwabisabi.com\/wp-content\/uploads\/2023\/06\/Notre-Histoire-Maison-de-the-280323-Hironaga-Touen1-150x150.jpg 150w, https:\/\/www.maisonwabisabi.com\/wp-content\/uploads\/2023\/06\/Notre-Histoire-Maison-de-the-280323-Hironaga-Touen1-768x768.jpg 768w, https:\/\/www.maisonwabisabi.com\/wp-content\/uploads\/2023\/06\/Notre-Histoire-Maison-de-the-280323-Hironaga-Touen1-600x600.jpg 600w, https:\/\/www.maisonwabisabi.com\/wp-content\/uploads\/2023\/06\/Notre-Histoire-Maison-de-the-280323-Hironaga-Touen1-100x100.jpg 100w\" sizes=\"auto, (max-width: 1024px) 100vw, 1024px\" \/><\/figure><div class=\"wp-block-media-text__content\">\n<p><\/p>\n\n\n\n<p class=\"has-black-color has-text-color\" style=\"font-size:17px\">Le Wabi-Sabi est un concept japonais. Le Wabi signifie la simplicit\u00e9, la nature, la dissym\u00e9trie et la modestie. Le Sabi signifie l\u2019alt\u00e9ration par le temps, la patine des objets et le travail des Hommes. Son lien est ancr\u00e9 dans la Voie du th\u00e9. Il est parfaitement d\u00e9fini dans les <mark style=\"background-color:rgba(0, 0, 0, 0)\" class=\"has-inline-color has-ast-global-color-6-color\">2 livres r\u00e9f\u00e9rences de <\/mark><a href=\"https:\/\/www.editions-sully.com\/l-189-wabi,sabi.html\"><mark style=\"background-color:rgba(0, 0, 0, 0);color:#8d9a83\" class=\"has-inline-color\">Leonard KOREN<\/mark><\/a>.<\/p>\n\n\n\n<p class=\"has-black-color has-text-color\" style=\"font-size:17px\">M\u00eame s\u2019il est difficile \u00e0 exprimer pour un occidental et un japonais, le terme Wabi-Sabi est d\u2019accepter l\u2019imperfection dans la perfection des objets du quotidien ainsi que l\u2019impermanence (caract\u00e8re de ce qui n\u2019est pas permanent, ne dure pas et change sans cesse, il occupe une place centrale dans la pens\u00e9e bouddhique). C&rsquo;est \u00e9prouver une r\u00e9elle satisfaction, un certain concept spirituel et esth\u00e9tique japonais.<\/p>\n\n\n\n<p class=\"has-black-color has-text-color has-link-color wp-elements-a91ec1b7ab031486bf14e0fba8950231\" style=\"font-size:17px\">\u00ab\u00a0Fais un d\u00e9licieux bol de th\u00e9&nbsp;; dispose le charbon de bois de fa\u00e7on \u00e0 chauffer l&rsquo;eau&nbsp;; arrange les fleurs comme elles sont dans les champs&nbsp;; en \u00e9t\u00e9, \u00e9voque la fraicheur, en hiver, la chaleur&nbsp;; devance en chaque chose le temps. Pr\u00e9pare toi \u00e0 la pluie.\u00a0\u00bb&nbsp;&#8211; <a href=\"https:\/\/www.nippon.com\/fr\/japan-topics\/b07220\/\" target=\"_blank\" rel=\"noreferrer noopener\"><mark style=\"background-color:rgba(0, 0, 0, 0);color:#8d9a83\" class=\"has-inline-color\">Sen no Riky\u016b<\/mark><\/a><\/p>\n<\/div><\/div>\n\n\n\n<p class=\"has-text-align-center has-black-color has-text-color\" style=\"font-size:15px\">Source des photos : Yann san de Maison Wabi-Sabi<\/p>\n\n\n\n<div style=\"height:50px\" aria-hidden=\"true\" class=\"wp-block-spacer\"><\/div>\n\n\n\n<h2 class=\"wp-block-heading has-text-align-center has-black-color has-text-color has-background\" style=\"background-color:#8d9a83;font-size:21px\"><strong><strong><strong><strong style=\"font-family: Arimo, sans-serif; font-size: 21px; font-style: normal; white-space-collapse: collapse; text-align: center;\"><strong style=\"font-family: Arimo, sans-serif; font-size: 21px; font-style: normal; white-space-collapse: collapse; text-align: center;\"><strong style=\"font-family: Arimo, sans-serif; font-size: 21px; font-style: normal; white-space-collapse: collapse; text-align: center;\">Simplicit\u00e9 et Temps qui passe<\/strong><\/strong><\/strong><\/strong><\/strong><\/strong><\/h2>\n\n\n\n<div style=\"height:20px\" aria-hidden=\"true\" class=\"wp-block-spacer\"><\/div>\n\n\n\n<div class=\"wp-block-media-text has-media-on-the-right is-stacked-on-mobile\"><div class=\"wp-block-media-text__content\">\n<p><\/p>\n\n\n\n<p class=\"has-black-color has-text-color\" style=\"font-size:17px\">Wabi : vise un raffinement nourri de simplicit\u00e9, une \u00e9l\u00e9gance sobre, une noblesse sans sophistication, l&rsquo;intuition d&rsquo;une beaut\u00e9 r\u00e9duite \u00e0 sa simplicit\u00e9 essentielle, qu&rsquo;une simple fleur dans un joli pot peut parfaitement exprimer. Wabi recouvre ainsi diff\u00e9rents aspects que l&rsquo;Occident a su saisir par la m\u00e9diation des tenants de l&rsquo;Arts &amp; Crafts&nbsp;: l&rsquo;\u00e9loge de l&rsquo;ombre, la vertu du vide, l&rsquo;honn\u00eate simplicit\u00e9 des mat\u00e9riaux, autant de crit\u00e8res qui mettent en avant la richesse de l&rsquo;esprit et de l&rsquo;\u00eatre en l&rsquo;opposant au s\u00e9ducteur, \u00e0 l&rsquo;artifice et au brillant dont le trop fort \u00e9clat peut aveugler nos sens.<\/p>\n\n\n\n<p class=\"has-black-color has-text-color\" style=\"font-size:17px\">Sabi : \u00e9voque l&rsquo;\u00e9coulement du temps, la patine, le renoncement \u00e0 l&rsquo;\u00e9clat d&rsquo;une beaut\u00e9 neuve et le sain d\u00e9laissement face au temps s&rsquo;\u00e9coulant inexorablement. Sentir le sabi, c&rsquo;est accepter les usures, les rides, l&rsquo;\u00e9ph\u00e9m\u00e8re, les irr\u00e9gularit\u00e9s. Au-del\u00e0 de les accepter, il s&rsquo;agit d&rsquo;aimer ces marques du temps qui aur\u00e9olent les choses, les rendent intelligibles et apprivoisables. C&rsquo;est renoncer \u00e0 la nouveaut\u00e9 comme qualit\u00e9 premi\u00e8re.<\/p>\n\n\n\n<p class=\"has-black-color has-text-color\" style=\"font-size:17px\">Avec Sen no Riky\u016b, les pi\u00e8ces destin\u00e9es \u00e0 la c\u00e9r\u00e9monie du th\u00e9, auparavant d&rsquo;antiques pi\u00e8ces chinoises, laiss\u00e8rent place aux poteries japonaises. Ce furent leurs qualit\u00e9s de spontan\u00e9it\u00e9 et de franchise (wabi), de simplicit\u00e9 et de beaut\u00e9 (shibui) et leur humilit\u00e9 (sabi) qui motiv\u00e8rent cette r\u00e9volution du regard.<\/p>\n<\/div><figure class=\"wp-block-media-text__media\"><img loading=\"lazy\" decoding=\"async\" width=\"1024\" height=\"1024\" src=\"https:\/\/www.maisonwabisabi.com\/wp-content\/uploads\/2023\/06\/Notre-Histoire-Maison-de-the-280323-Hironaga-Touen2.jpg\" alt=\"Notre histoire - Chashitsu\" class=\"wp-image-17123 size-full\" srcset=\"https:\/\/www.maisonwabisabi.com\/wp-content\/uploads\/2023\/06\/Notre-Histoire-Maison-de-the-280323-Hironaga-Touen2.jpg 1024w, https:\/\/www.maisonwabisabi.com\/wp-content\/uploads\/2023\/06\/Notre-Histoire-Maison-de-the-280323-Hironaga-Touen2-300x300.jpg 300w, https:\/\/www.maisonwabisabi.com\/wp-content\/uploads\/2023\/06\/Notre-Histoire-Maison-de-the-280323-Hironaga-Touen2-150x150.jpg 150w, https:\/\/www.maisonwabisabi.com\/wp-content\/uploads\/2023\/06\/Notre-Histoire-Maison-de-the-280323-Hironaga-Touen2-768x768.jpg 768w, https:\/\/www.maisonwabisabi.com\/wp-content\/uploads\/2023\/06\/Notre-Histoire-Maison-de-the-280323-Hironaga-Touen2-600x600.jpg 600w, https:\/\/www.maisonwabisabi.com\/wp-content\/uploads\/2023\/06\/Notre-Histoire-Maison-de-the-280323-Hironaga-Touen2-100x100.jpg 100w\" sizes=\"auto, (max-width: 1024px) 100vw, 1024px\" \/><\/figure><\/div>\n\n\n\n<p class=\"has-text-align-center has-black-color has-text-color\" style=\"font-size:15px\">Source du texte et de la photo : Galerie Stimmug \/ Yann san de Maison Wabi-Sabi<\/p>\n\n\n\n<div style=\"height:50px\" aria-hidden=\"true\" class=\"wp-block-spacer\"><\/div>\n\n\n\n<h2 class=\"wp-block-heading has-text-align-center has-black-color has-text-color has-background\" style=\"background-color:#8d9a83;font-size:21px\"><strong><strong><strong><strong style=\"font-family: Arimo, sans-serif; font-size: 21px; font-style: normal; white-space-collapse: collapse; text-align: center;\"><strong style=\"font-family: Arimo, sans-serif; font-size: 21px; font-style: normal; white-space-collapse: collapse; text-align: center;\"><strong style=\"font-family: Arimo, sans-serif; font-size: 21px; font-style: normal; white-space-collapse: collapse; text-align: center;\"><strong style=\"font-family: Arimo, sans-serif; font-size: 21px; font-style: normal; white-space-collapse: collapse; text-align: center;\">Beaut\u00e9 des choses imparfaites<\/strong><\/strong><\/strong><\/strong><\/strong><\/strong><\/strong><\/h2>\n\n\n\n<div style=\"height:20px\" aria-hidden=\"true\" class=\"wp-block-spacer\"><\/div>\n\n\n\n<div class=\"wp-block-media-text is-stacked-on-mobile\"><figure class=\"wp-block-media-text__media\"><img loading=\"lazy\" decoding=\"async\" width=\"1024\" height=\"1024\" src=\"https:\/\/www.maisonwabisabi.com\/wp-content\/uploads\/2023\/06\/Notre-Histoire-Portrait-Leonard-KOREN-et-ses-2-livres.jpg\" alt=\"Notre Histoire - Leonard KOREN et ses 2 livres\" class=\"wp-image-17127 size-full\" srcset=\"https:\/\/www.maisonwabisabi.com\/wp-content\/uploads\/2023\/06\/Notre-Histoire-Portrait-Leonard-KOREN-et-ses-2-livres.jpg 1024w, https:\/\/www.maisonwabisabi.com\/wp-content\/uploads\/2023\/06\/Notre-Histoire-Portrait-Leonard-KOREN-et-ses-2-livres-300x300.jpg 300w, https:\/\/www.maisonwabisabi.com\/wp-content\/uploads\/2023\/06\/Notre-Histoire-Portrait-Leonard-KOREN-et-ses-2-livres-150x150.jpg 150w, https:\/\/www.maisonwabisabi.com\/wp-content\/uploads\/2023\/06\/Notre-Histoire-Portrait-Leonard-KOREN-et-ses-2-livres-768x768.jpg 768w, https:\/\/www.maisonwabisabi.com\/wp-content\/uploads\/2023\/06\/Notre-Histoire-Portrait-Leonard-KOREN-et-ses-2-livres-600x600.jpg 600w, https:\/\/www.maisonwabisabi.com\/wp-content\/uploads\/2023\/06\/Notre-Histoire-Portrait-Leonard-KOREN-et-ses-2-livres-100x100.jpg 100w\" sizes=\"auto, (max-width: 1024px) 100vw, 1024px\" \/><\/figure><div class=\"wp-block-media-text__content\">\n<p><\/p>\n\n\n\n<p class=\"has-black-color has-text-color\" style=\"font-size:17px\">Architecte de formation, il a fait partie de l\u2019avant-garde artistique aux \u00c9tats-Unis au d\u00e9but des ann\u00e9es 1970. Th\u00e9oricien du design et de l\u2019esth\u00e9tisme, il a effectu\u00e9 de nombreux s\u00e9jours au Japon, et est l\u2019auteur de 17 ouvrages. Il vit actuellement \u00e0 San Francisco. Il a \u00e9tudi\u00e9 durant de nombreuses ann\u00e9es le Wabi-Sabi et en a tir\u00e9 2 livres&nbsp;:&nbsp;\u00ab\u00a0Wabi-sabi, \u00e0 l\u2019usage des artistes, designers, po\u00e8tes et philosophes\u00a0\u00bb et \u00ab\u00a0Wabi-Sabi pour aller plus loin\u00a0\u00bb.<\/p>\n\n\n\n<p class=\"has-black-color has-text-color\" style=\"font-size:17px\">Dans lesquels il le d\u00e9finie par&nbsp;: \u00ab\u00a0Le Wabi-sabi est la beaut\u00e9 des choses imparfaites, impermanentes et incompl\u00e8tes. C\u2019est la beaut\u00e9 des choses modestes et humbles. C\u2019est la beaut\u00e9 des choses atypiques.\u00a0\u00bb<\/p>\n\n\n\n<p class=\"has-black-color has-text-color\" style=\"font-size:17px\">Le Wabi-Sabi s\u2019essaye davantage qu\u2019il ne s\u2019explique. C\u2019est une notion difficile \u00e0 expliquer. Bien que tous les Japonais soient pr\u00eats \u00e0 affirmer qu\u2019ils comprennent le sentiment associ\u00e9 au Wabi-Sabi. Ils sont tr\u00e8s peu capables de le formuler.<\/p>\n\n\n\n<p class=\"has-black-color has-text-color\" style=\"font-size:17px\">Leonard KOREN d\u00e9taille 3 affirmations qui r\u00e9sument les valeurs du Wabi-Sabi : La r\u00e9alit\u00e9 d\u00e9coule de l&rsquo;observation de la nature. La beaut\u00e9 peut-\u00eatre obtenue \u00e0 partir de la laideur. Se d\u00e9faire de l&rsquo;impermanence et ne pas chercher la perfection et la permanence.<\/p>\n\n\n\n<ul style=\"font-size:17px\" class=\"wp-block-list has-black-color has-text-color\"><\/ul>\n\n\n\n<ul style=\"font-size:17px\" class=\"wp-block-list has-black-color has-text-color\"><\/ul>\n<\/div><\/div>\n\n\n\n<p class=\"has-text-align-center has-black-color has-text-color\" style=\"font-size:15px\">Source de la photo : booknode.com \/ editions-sully.com<\/p>\n\n\n\n<div style=\"height:50px\" aria-hidden=\"true\" class=\"wp-block-spacer\"><\/div>\n\n\n\n<h2 class=\"wp-block-heading has-text-align-center has-black-color has-text-color has-background\" style=\"background-color:#8d9a83;font-size:21px\"><strong>Godai&nbsp;: 5 \u00e9l\u00e9ments<\/strong><\/h2>\n\n\n\n<div style=\"height:20px\" aria-hidden=\"true\" class=\"wp-block-spacer\"><\/div>\n\n\n\n<div class=\"wp-block-media-text has-media-on-the-right is-stacked-on-mobile\"><div class=\"wp-block-media-text__content\">\n<p><\/p>\n\n\n\n<p class=\"has-black-color has-text-color\" style=\"font-size:17px\">Ce que peuvent orchestrer les mains des c\u00e9ramistes me ram\u00e8ne aux 5 \u00e9l\u00e9ments du Godai. C\u2019est l\u2019ensemble traditionnel japonais des cinq \u00e9l\u00e9ments dans le bouddhisme : Chi (La Terre), Sui (L&rsquo;Eau), Ka (Le Feu), F\u016b (Le Vent) et K\u016b (Le Vide). <\/p>\n\n\n\n<p class=\"has-black-color has-text-color\" style=\"font-size:17px\">Gorint\u014d : Des st\u00e8les fun\u00e9raires ou St\u016bpa, en forme de pagode \u00e0 cinq anneaux propres au bouddhisme japonais qui a vu le jour \u00e0 l&rsquo;\u00e9poque Heian. Ces \u00e9l\u00e9ments sont importants et repr\u00e9sentent une tendance spirituelle, physique ou mentale, tout ce qui d\u00e9coule de l&rsquo;enseignement. Construction compacte rev\u00eatue de pierres, plus ou moins \u00e9lanc\u00e9e, minuscule ou gigantesque, richement d\u00e9cor\u00e9e ou pr\u00e9sentant des parois nues. Il se dresse partout o\u00f9 des bouddhistes ont v\u00e9cu et tenu \u00e0 manifester leur foi.<\/p>\n\n\n\n<p class=\"has-black-color has-text-color\" style=\"font-size:17px\">Pour Yann san, ces 5 \u00e9l\u00e9ments sont \u00e9troitement li\u00e9s \u00e0 la c\u00e9ramique. Chaque \u00e9l\u00e9ment correspond \u00e0 une \u00e9tape de la conception d&rsquo;une poterie : La Terre pour l&rsquo;argile, le Vide pour la cr\u00e9ation infinie, l&rsquo;Eau pour cr\u00e9er la forme, le Vent pour le s\u00e9chage et le Feu pour la cuisson.<\/p>\n<\/div><figure class=\"wp-block-media-text__media\"><img loading=\"lazy\" decoding=\"async\" width=\"1024\" height=\"1024\" src=\"https:\/\/www.maisonwabisabi.com\/wp-content\/uploads\/2023\/06\/Notre-Histoire-Explication-des-parties-du-Gorinto.jpg\" alt=\"Notre Histoire - Explication des parties du Gorint\u014d\" class=\"wp-image-17134 size-full\" srcset=\"https:\/\/www.maisonwabisabi.com\/wp-content\/uploads\/2023\/06\/Notre-Histoire-Explication-des-parties-du-Gorinto.jpg 1024w, https:\/\/www.maisonwabisabi.com\/wp-content\/uploads\/2023\/06\/Notre-Histoire-Explication-des-parties-du-Gorinto-300x300.jpg 300w, https:\/\/www.maisonwabisabi.com\/wp-content\/uploads\/2023\/06\/Notre-Histoire-Explication-des-parties-du-Gorinto-150x150.jpg 150w, https:\/\/www.maisonwabisabi.com\/wp-content\/uploads\/2023\/06\/Notre-Histoire-Explication-des-parties-du-Gorinto-768x768.jpg 768w, https:\/\/www.maisonwabisabi.com\/wp-content\/uploads\/2023\/06\/Notre-Histoire-Explication-des-parties-du-Gorinto-600x600.jpg 600w, https:\/\/www.maisonwabisabi.com\/wp-content\/uploads\/2023\/06\/Notre-Histoire-Explication-des-parties-du-Gorinto-100x100.jpg 100w\" sizes=\"auto, (max-width: 1024px) 100vw, 1024px\" \/><\/figure><\/div>\n\n\n\n<div style=\"height:20px\" aria-hidden=\"true\" class=\"wp-block-spacer\"><\/div>\n\n\n\n<figure class=\"wp-block-gallery has-nested-images columns-default is-cropped wp-block-gallery-1 is-layout-flex wp-block-gallery-is-layout-flex\">\n<figure class=\"wp-block-image size-large\"><img loading=\"lazy\" decoding=\"async\" width=\"1024\" height=\"1024\" data-id=\"17138\" src=\"https:\/\/www.maisonwabisabi.com\/wp-content\/uploads\/2023\/06\/Notre-Histoire-Gorinto-a-Koyasan2.jpg\" alt=\"Notre Histoire - Gorint\u014d \u00e0 K\u014dyasan Okuno-in\" class=\"wp-image-17138\" srcset=\"https:\/\/www.maisonwabisabi.com\/wp-content\/uploads\/2023\/06\/Notre-Histoire-Gorinto-a-Koyasan2.jpg 1024w, https:\/\/www.maisonwabisabi.com\/wp-content\/uploads\/2023\/06\/Notre-Histoire-Gorinto-a-Koyasan2-300x300.jpg 300w, https:\/\/www.maisonwabisabi.com\/wp-content\/uploads\/2023\/06\/Notre-Histoire-Gorinto-a-Koyasan2-150x150.jpg 150w, https:\/\/www.maisonwabisabi.com\/wp-content\/uploads\/2023\/06\/Notre-Histoire-Gorinto-a-Koyasan2-768x768.jpg 768w, https:\/\/www.maisonwabisabi.com\/wp-content\/uploads\/2023\/06\/Notre-Histoire-Gorinto-a-Koyasan2-600x600.jpg 600w, https:\/\/www.maisonwabisabi.com\/wp-content\/uploads\/2023\/06\/Notre-Histoire-Gorinto-a-Koyasan2-100x100.jpg 100w\" sizes=\"auto, (max-width: 1024px) 100vw, 1024px\" \/><\/figure>\n\n\n\n<figure class=\"wp-block-image size-large\"><img loading=\"lazy\" decoding=\"async\" width=\"1024\" height=\"1024\" data-id=\"17135\" src=\"https:\/\/www.maisonwabisabi.com\/wp-content\/uploads\/2023\/06\/Notre-Histoire-Gorinto-a-Koyasan.jpg\" alt=\"Notre Histoire - Gorint\u014d \u00e0 K\u014dyasan Okuno-in\" class=\"wp-image-17135\" srcset=\"https:\/\/www.maisonwabisabi.com\/wp-content\/uploads\/2023\/06\/Notre-Histoire-Gorinto-a-Koyasan.jpg 1024w, https:\/\/www.maisonwabisabi.com\/wp-content\/uploads\/2023\/06\/Notre-Histoire-Gorinto-a-Koyasan-300x300.jpg 300w, https:\/\/www.maisonwabisabi.com\/wp-content\/uploads\/2023\/06\/Notre-Histoire-Gorinto-a-Koyasan-150x150.jpg 150w, https:\/\/www.maisonwabisabi.com\/wp-content\/uploads\/2023\/06\/Notre-Histoire-Gorinto-a-Koyasan-768x768.jpg 768w, https:\/\/www.maisonwabisabi.com\/wp-content\/uploads\/2023\/06\/Notre-Histoire-Gorinto-a-Koyasan-600x600.jpg 600w, https:\/\/www.maisonwabisabi.com\/wp-content\/uploads\/2023\/06\/Notre-Histoire-Gorinto-a-Koyasan-100x100.jpg 100w\" sizes=\"auto, (max-width: 1024px) 100vw, 1024px\" \/><\/figure>\n\n\n\n<figure class=\"wp-block-image size-large\"><img loading=\"lazy\" decoding=\"async\" width=\"1024\" height=\"1024\" data-id=\"17137\" src=\"https:\/\/www.maisonwabisabi.com\/wp-content\/uploads\/2023\/06\/Notre-Histoire-Gorinto-a-Koyasan1.jpg\" alt=\"Notre Histoire - Gorint\u014d \u00e0 K\u014dyasan Okuno-in\" class=\"wp-image-17137\" srcset=\"https:\/\/www.maisonwabisabi.com\/wp-content\/uploads\/2023\/06\/Notre-Histoire-Gorinto-a-Koyasan1.jpg 1024w, https:\/\/www.maisonwabisabi.com\/wp-content\/uploads\/2023\/06\/Notre-Histoire-Gorinto-a-Koyasan1-300x300.jpg 300w, https:\/\/www.maisonwabisabi.com\/wp-content\/uploads\/2023\/06\/Notre-Histoire-Gorinto-a-Koyasan1-150x150.jpg 150w, https:\/\/www.maisonwabisabi.com\/wp-content\/uploads\/2023\/06\/Notre-Histoire-Gorinto-a-Koyasan1-768x768.jpg 768w, https:\/\/www.maisonwabisabi.com\/wp-content\/uploads\/2023\/06\/Notre-Histoire-Gorinto-a-Koyasan1-600x600.jpg 600w, https:\/\/www.maisonwabisabi.com\/wp-content\/uploads\/2023\/06\/Notre-Histoire-Gorinto-a-Koyasan1-100x100.jpg 100w\" sizes=\"auto, (max-width: 1024px) 100vw, 1024px\" \/><\/figure>\n<\/figure>\n\n\n\n<p class=\"has-text-align-center has-black-color has-text-color\" style=\"font-size:15px\">Sources de l&rsquo;illustration et des photos : aminoapps.com \/ Yann san de Maison Wabi-Sabi<\/p>\n\n\n\n<div style=\"height:50px\" aria-hidden=\"true\" class=\"wp-block-spacer\"><\/div>\n\n\n\n<h2 class=\"wp-block-heading has-text-align-center has-black-color has-text-color has-background\" style=\"background-color:#8d9a83;font-size:21px\"><strong><strong>Fuzei : \u00e9motion po\u00e9tique<\/strong><\/strong><\/h2>\n\n\n\n<div style=\"height:20px\" aria-hidden=\"true\" class=\"wp-block-spacer\"><\/div>\n\n\n\n<div class=\"wp-block-media-text is-stacked-on-mobile\"><figure class=\"wp-block-media-text__media\"><img loading=\"lazy\" decoding=\"async\" width=\"1024\" height=\"1024\" src=\"https:\/\/www.maisonwabisabi.com\/wp-content\/uploads\/2023\/06\/Notre-Histoire-Koraku-en.jpg\" alt=\"Notre Histoire - Ko\u0304raku-en\" class=\"wp-image-17145 size-full\" srcset=\"https:\/\/www.maisonwabisabi.com\/wp-content\/uploads\/2023\/06\/Notre-Histoire-Koraku-en.jpg 1024w, https:\/\/www.maisonwabisabi.com\/wp-content\/uploads\/2023\/06\/Notre-Histoire-Koraku-en-300x300.jpg 300w, https:\/\/www.maisonwabisabi.com\/wp-content\/uploads\/2023\/06\/Notre-Histoire-Koraku-en-150x150.jpg 150w, https:\/\/www.maisonwabisabi.com\/wp-content\/uploads\/2023\/06\/Notre-Histoire-Koraku-en-768x768.jpg 768w, https:\/\/www.maisonwabisabi.com\/wp-content\/uploads\/2023\/06\/Notre-Histoire-Koraku-en-600x600.jpg 600w, https:\/\/www.maisonwabisabi.com\/wp-content\/uploads\/2023\/06\/Notre-Histoire-Koraku-en-100x100.jpg 100w\" sizes=\"auto, (max-width: 1024px) 100vw, 1024px\" \/><\/figure><div class=\"wp-block-media-text__content\">\n<p><\/p>\n\n\n\n<p class=\"has-black-color has-text-color\" style=\"font-size:17px\">L&rsquo;\u00e9motion po\u00e9tique du Fuzei est l\u2019expression d\u2019une \u00e9motion fugitive et d\u2019un sentiment po\u00e9tique. Donner un Fuzei, c\u2019est donner ou cr\u00e9er une impression tout en \u00e9voquant une \u00e9motion. Suite \u00e0 une exposition des photos de Claude LEF\u00c8VRE, \u00e0 <a href=\"https:\/\/www.tenri-paris.com\/\" target=\"_blank\" rel=\"noreferrer noopener\"><mark style=\"background-color:rgba(0, 0, 0, 0);color:#8d9a83\" class=\"has-inline-color\">l&rsquo;association Tenri<\/mark><\/a> o\u00f9 Yann san a suivi des cours de japonais. Apr\u00e8s avoir d\u00e9couvert son livre \u00e0 propos du Fuzei. Ce sentiment, assez sp\u00e9cifique au jardin japonais, a permis de le relier \u00e0 la c\u00e9ramique.<\/p>\n\n\n\n<p class=\"has-black-color has-text-color\" style=\"font-size:17px\"><a href=\"https:\/\/www.editions-ulmer.fr\/editions-ulmer\/le-fuzei-dans-les-jardins-du-japon-708-cl.htm\" target=\"_blank\" rel=\"noreferrer noopener\"><mark style=\"background-color:rgba(0, 0, 0, 0);color:#8d9a83\" class=\"has-inline-color\">Claude LEF\u00c8VRE<\/mark><\/a> porte sur ces jardins un regard po\u00e9tique tr\u00e8s singulier qui vise \u00e0 en restituer la spiritualit\u00e9, l\u2019harmonie et la beaut\u00e9, en un mot, le Fuzei. Voil\u00e0 plus de 10 ans qu&rsquo;il sillonne le Japon, pour photographier les jardins les plus remarquables. En dehors des sentiers battus, il nous fait d\u00e9couvrir d\u2019extraordinaires jardins, peu connus, voire inconnus des Japonais eux-m\u00eames.<\/p>\n\n\n\n<p class=\"has-black-color has-text-color\" style=\"font-size:17px\"><a href=\"http:\/\/www.pref.ishikawa.jp\/siro-niwa\/kenrokuen\/\" target=\"_blank\" rel=\"noreferrer noopener\"><mark style=\"background-color:rgba(0, 0, 0, 0);color:#8d9a83\" class=\"has-inline-color\">Kenroku-en<\/mark><\/a> \u517c\u516d\u5712, situ\u00e9 \u00e0 Kanazawa (pr\u00e9fecture d&rsquo;Ishikawa). D\u00e9velopp\u00e9 de 1620 \u00e0 1840 par la famille\u00a0Maeda (ancienne\u00a0province de Kaga). <a href=\"https:\/\/okayama-korakuen.jp\/\" target=\"_blank\" rel=\"noreferrer noopener\"><mark style=\"background-color:rgba(0, 0, 0, 0);color:#8d9a83\" class=\"has-inline-color\">K\u014draku-en<\/mark><\/a> \u5f8c\u697d\u5712\u5ead\u5712, situ\u00e9 \u00e0 Okayama (pr\u00e9fecture d&rsquo;Okayama). Construit en 1700, par Tsunamasa IKEDA,\u00a0le daimy\u014d\u00a0d&rsquo;Okayama. <a href=\"https:\/\/www.ibarakiguide.jp\/kairakuen.html\" target=\"_blank\" rel=\"noreferrer noopener\"><mark style=\"background-color:rgba(0, 0, 0, 0);color:#8d9a83\" class=\"has-inline-color\">Kairaku-en<\/mark><\/a> \u5055\u697d\u5712, situ\u00e9 \u00e0 Mito (pr\u00e9fecture d&rsquo;Ibaraki). Construit en 1841, par\u00a0Nariaki TOKUGAWA.<\/p>\n<\/div><\/div>\n\n\n\n<div style=\"height:20px\" aria-hidden=\"true\" class=\"wp-block-spacer\"><\/div>\n\n\n\n<div class=\"wp-block-media-text has-media-on-the-right is-stacked-on-mobile\"><div class=\"wp-block-media-text__content\">\n<p><\/p>\n\n\n\n<p class=\"has-black-color has-text-color\" style=\"font-size:17px\">\u00ab\u00a0Le Fuzei est compos\u00e9 des deux caract\u00e8res chinois \u00ab\u00a0fu\u00a0\u00bb (en japonais le vent) et \u00ab\u00a0zei\u00a0\u00bb (en japonais le sentiment). C\u2019est le sentiment boulevers\u00e9 que d\u00e9gagent l\u2019intimit\u00e9 des choses et par cons\u00e9quent la sensation de la beaut\u00e9 m\u00e9lancolique qui en \u00e9mane. On pourrait aussi dire que c\u2019est le monde des sentiments n\u00e9 de l\u2019harmonie existante entre l\u2019esprit et la forme des choses.\u00a0\u00bb &#8211; Jacques ROUBAUD<\/p>\n\n\n\n<p class=\"has-black-color has-text-color\" style=\"font-size:17px\">\u00ab\u00a0L\u2019expression d\u2019une \u00e9motion fugitive, d\u2019un sentiment po\u00e9tique. Donner un Fuzei, c&rsquo;est donner ou cr\u00e9er une impression tout en \u00e9voquant une \u00e9motion.\u00a0\u00bb &#8211; Professeur MASUDA<\/p>\n\n\n\n<p class=\"has-black-color has-text-color\" style=\"font-size:17px\">\u00ab\u00a0J\u2019aime cette discr\u00e9tion o\u00f9 l\u2019essentiel est souvent sous-entendu, sugg\u00e9r\u00e9, plut\u00f4t qu\u2019explicit\u00e9. Discr\u00e9tion, pudeur, telle est l\u2019attitude du po\u00e8te de ha\u00efku que chacun peut partager et que je retrouve dans l\u2019art de Claude LEF\u00c8VRE qui se contente de donner \u00e0 voir sans pr\u00e9tendre interf\u00e9rer avec le regard des autres.\u00a0\u00bb &#8211; Diane de MARGERIE<\/p>\n<\/div><figure class=\"wp-block-media-text__media\"><img loading=\"lazy\" decoding=\"async\" width=\"1024\" height=\"1024\" src=\"https:\/\/www.maisonwabisabi.com\/wp-content\/uploads\/2023\/06\/Notre-Histoire-Koraku-en-1.jpg\" alt=\"Notre Histoire - Ko\u0304raku-en\" class=\"wp-image-17146 size-full\" srcset=\"https:\/\/www.maisonwabisabi.com\/wp-content\/uploads\/2023\/06\/Notre-Histoire-Koraku-en-1.jpg 1024w, https:\/\/www.maisonwabisabi.com\/wp-content\/uploads\/2023\/06\/Notre-Histoire-Koraku-en-1-300x300.jpg 300w, https:\/\/www.maisonwabisabi.com\/wp-content\/uploads\/2023\/06\/Notre-Histoire-Koraku-en-1-150x150.jpg 150w, https:\/\/www.maisonwabisabi.com\/wp-content\/uploads\/2023\/06\/Notre-Histoire-Koraku-en-1-768x768.jpg 768w, https:\/\/www.maisonwabisabi.com\/wp-content\/uploads\/2023\/06\/Notre-Histoire-Koraku-en-1-600x600.jpg 600w, https:\/\/www.maisonwabisabi.com\/wp-content\/uploads\/2023\/06\/Notre-Histoire-Koraku-en-1-100x100.jpg 100w\" sizes=\"auto, (max-width: 1024px) 100vw, 1024px\" \/><\/figure><\/div>\n\n\n\n<p class=\"has-text-align-center has-black-color has-text-color\" style=\"font-size:15px\">Source des photos : Yann san de Maison Wabi-Sabi<\/p>\n\n\n\n<div style=\"height:50px\" aria-hidden=\"true\" class=\"wp-block-spacer\"><\/div>\n\n\n\n<h2 class=\"wp-block-heading has-text-align-center has-black-color has-text-color has-background\" id=\"akira-yachiyo\" style=\"background-color:#8d9a83;font-size:21px\"><strong><strong><strong>Akira et Yachiyo YASUDA<\/strong><\/strong><\/strong><\/h2>\n\n\n\n<div style=\"height:20px\" aria-hidden=\"true\" class=\"wp-block-spacer\"><\/div>\n\n\n\n<div class=\"wp-block-media-text is-stacked-on-mobile\"><figure class=\"wp-block-media-text__media\"><img loading=\"lazy\" decoding=\"async\" width=\"1024\" height=\"1024\" src=\"https:\/\/www.maisonwabisabi.com\/wp-content\/uploads\/2022\/03\/Notre-Histoire-Akira-et-Yachiyo-YASUDA-1024x1024.jpg\" alt=\"Yachiyo et Akira YASUDA en 2009\" class=\"wp-image-3457 size-full\" srcset=\"https:\/\/www.maisonwabisabi.com\/wp-content\/uploads\/2022\/03\/Notre-Histoire-Akira-et-Yachiyo-YASUDA.jpg 1024w, https:\/\/www.maisonwabisabi.com\/wp-content\/uploads\/2022\/03\/Notre-Histoire-Akira-et-Yachiyo-YASUDA-300x300.jpg 300w, https:\/\/www.maisonwabisabi.com\/wp-content\/uploads\/2022\/03\/Notre-Histoire-Akira-et-Yachiyo-YASUDA-100x100.jpg 100w, https:\/\/www.maisonwabisabi.com\/wp-content\/uploads\/2022\/03\/Notre-Histoire-Akira-et-Yachiyo-YASUDA-600x600.jpg 600w, https:\/\/www.maisonwabisabi.com\/wp-content\/uploads\/2022\/03\/Notre-Histoire-Akira-et-Yachiyo-YASUDA-150x150.jpg 150w, https:\/\/www.maisonwabisabi.com\/wp-content\/uploads\/2022\/03\/Notre-Histoire-Akira-et-Yachiyo-YASUDA-768x768.jpg 768w\" sizes=\"auto, (max-width: 1024px) 100vw, 1024px\" \/><\/figure><div class=\"wp-block-media-text__content\">\n<p><\/p>\n\n\n\n<p class=\"has-black-color has-text-color\" style=\"font-size:17px\">\u00ab\u00a0Akira et Yachiyo YASUDA \u00e9taient les propri\u00e9taires de la minshuku, mon pied \u00e0 terre \u00e0 Ky\u014dto. Ils font partie de l\u2019histoire de ce projet par leur hospitalit\u00e9 et leur gentillesse. Omotenashi \u304a\u6301\u3066\u6210\u3057.\u00a0\u00bb<\/p>\n\n\n\n<p class=\"has-black-color has-text-color\" style=\"font-size:17px\">\u00ab\u00a0En 2008, lors de mon tout premier voyage au Japon, j\u2019\u00e9tais bas\u00e9 \u00e0 <a href=\"https:\/\/www.kyoto.travel\/fr\/index.html\" target=\"_blank\" rel=\"noreferrer noopener\"><mark style=\"background-color:rgba(0, 0, 0, 0);color:#8d9a83\" class=\"has-inline-color\">Ky\u014dto<\/mark><\/a>. Je dormais dans une Minshuku (chambre d\u2019h\u00f4tes) situ\u00e9e dans l&rsquo;arrondissement de <a href=\"https:\/\/www.japan.travel\/fr\/destinations\/kansai\/kyoto\/gion-and-higashiyama\/\" target=\"_blank\" rel=\"noreferrer noopener\"><mark style=\"background-color:rgba(0, 0, 0, 0);color:#8d9a83\" class=\"has-inline-color\">Higashiyama<\/mark><\/a>. Les Maiko (apprenties Geiko) se prom\u00e8nent et on peut ressentir l\u2019authenticit\u00e9 de la ville de Ky\u014dto, par son architecture, ses temples, ses petits commerces et sa tranquillit\u00e9.\u00a0\u00bb<\/p>\n\n\n\n<p class=\"has-black-color has-text-color\" style=\"font-size:17px\">\u00ab\u00a0Pour vous situer l\u2019auberge du nom de Kamogawaen&nbsp;: Route de Kawabata-dori (comme le nom du po\u00e8te), dans le district de Miyagawasuji, le long de la rivi\u00e8re Kamogawa, pas tr\u00e8s loin du temple <a href=\"https:\/\/www.kenninji.jp\/english\/\" target=\"_blank\" rel=\"noreferrer noopener\"><mark style=\"background-color:rgba(0, 0, 0, 0);color:#8d9a83\" class=\"has-inline-color\">Kennin-ji<\/mark><\/a>. La Minshuku comptait : 4 chambres (2 petites, 1 moyenne et 1 grande), 1 salle de bain, 2 toilettes, et le salon et cuisine des propri\u00e9taires. Le petit d\u00e9jeuner \u00e9tait pr\u00e9par\u00e9 t\u00f4t le matin et apport\u00e9 dans chaque chambre. Seulement 4000 Yen (35 euros environ) par nuit et par personne.\u00a0\u00bb<\/p>\n<\/div><\/div>\n\n\n\n<div class=\"wp-block-media-text has-media-on-the-right is-stacked-on-mobile\"><div class=\"wp-block-media-text__content\">\n<p><\/p>\n\n\n\n<p class=\"has-black-color has-text-color\" style=\"font-size:17px\">\u00ab\u00a0A chacun de mes voyages, j\u2019ai log\u00e9 chez eux pour une nuit ou pour une semaine. J\u2019ai d\u00e9jeun\u00e9 et d\u00een\u00e9 avec eux. Certains soirs, on a beaucoup bu avec Akira (avec mod\u00e9ration quand m\u00eame) et beaucoup mang\u00e9 gr\u00e2ce \u00e0 Yachiyo. Je remercie beaucoup Google Translation d\u2019avoir fait partie de l\u2019ambiance&nbsp;car nous avons beaucoup rigol\u00e9.\u00a0\u00bb<\/p>\n\n\n\n<p class=\"has-black-color has-text-color\" style=\"font-size:17px\">\u00ab\u00a0Akira m\u2019a fait d\u00e9couvrir le Ky\u014dto authentique, ses temples, ses restaurants et mon premier Onsen, \u00e0 <a href=\"https:\/\/www.japan.travel\/fr\/destinations\/kansai\/kyoto\/kurama-area\/\" target=\"_blank\" rel=\"noreferrer noopener\"><mark style=\"background-color:rgba(0, 0, 0, 0);color:#8d9a83\" class=\"has-inline-color\">Kurama<\/mark><\/a>, \u00e9tait avec lui. Akira est un passionn\u00e9 de photos, de nature et il est tr\u00e8s curieux. Yachiyo est fan de Pachinko \u30d1\u30c1\u30f3\u30b3 et adore aller au restaurant toujours bien appr\u00eat\u00e9e. Je les consid\u00e8re un peu comme mes grands-parents japonais.\u00a0\u00bb<\/p>\n\n\n\n<p class=\"has-black-color has-text-color\" style=\"font-size:17px\">\u00ab\u00a0La Minshuku a ferm\u00e9 d\u00e9finitivement fin 2019. Ils sont partis en retraite et vivent d\u00e9sormais dans l\u2019arrondissement de Fushimi, dans le sud de Ky\u014dto. Je les ai revus \u00e0 Ky\u014dto pendant mon <a href=\"https:\/\/www.maisonwabisabi.com\/en\/ceramistes\/ceramic-tour-2023\/\" target=\"_blank\" rel=\"noreferrer noopener\"><mark style=\"background-color:rgba(0, 0, 0, 0);color:#8d9a83\" class=\"has-inline-color\">Ceramic Tour 2023<\/mark><\/a>.\u00a0\u00bb<\/p>\n\n\n\n<p class=\"has-black-color has-text-color\" style=\"font-size:17px\">\u00ab\u00a0Akira et Yachiyo YASUDA font partie de l&rsquo;histoire de ce projet et je ne les remercierai jamais assez pour leur hospitalit\u00e9, leurs conseils, leur ouverture d&rsquo;esprit et leur gentillesse.\u00a0\u00bb<\/p>\n<\/div><figure class=\"wp-block-media-text__media\"><img loading=\"lazy\" decoding=\"async\" width=\"1024\" height=\"1024\" src=\"https:\/\/www.maisonwabisabi.com\/wp-content\/uploads\/2022\/06\/Notre-Histoire-Akira-et-Yann-a\u0300-Ohara.jpg\" alt=\"Notre Histoire - Akira et Yann a\u0300 Ohara\" class=\"wp-image-7016 size-full\" srcset=\"https:\/\/www.maisonwabisabi.com\/wp-content\/uploads\/2022\/06\/Notre-Histoire-Akira-et-Yann-a\u0300-Ohara.jpg 1024w, https:\/\/www.maisonwabisabi.com\/wp-content\/uploads\/2022\/06\/Notre-Histoire-Akira-et-Yann-a\u0300-Ohara-300x300.jpg 300w, https:\/\/www.maisonwabisabi.com\/wp-content\/uploads\/2022\/06\/Notre-Histoire-Akira-et-Yann-a\u0300-Ohara-150x150.jpg 150w, https:\/\/www.maisonwabisabi.com\/wp-content\/uploads\/2022\/06\/Notre-Histoire-Akira-et-Yann-a\u0300-Ohara-768x768.jpg 768w, https:\/\/www.maisonwabisabi.com\/wp-content\/uploads\/2022\/06\/Notre-Histoire-Akira-et-Yann-a\u0300-Ohara-600x600.jpg 600w, https:\/\/www.maisonwabisabi.com\/wp-content\/uploads\/2022\/06\/Notre-Histoire-Akira-et-Yann-a\u0300-Ohara-100x100.jpg 100w\" sizes=\"auto, (max-width: 1024px) 100vw, 1024px\" \/><\/figure><\/div>\n\n\n\n<p class=\"has-text-align-center\">Source des photos : Yachiyo, Akira et Yann devant Kamogawaen \/ Akira et Yann devant le Sanzen-in \u00e0 Ohara<\/p>\n\n\n\n<div style=\"height:50px\" aria-hidden=\"true\" class=\"wp-block-spacer\"><\/div>\n\n\n\n<h2 class=\"wp-block-heading has-text-align-center has-black-color has-text-color has-background\" style=\"background-color:#8d9a83;font-size:21px\"><strong><strong><strong><strong>Ceramic Tour au Japon<\/strong><\/strong><\/strong><\/strong><\/h2>\n\n\n\n<div style=\"height:20px\" aria-hidden=\"true\" class=\"wp-block-spacer\"><\/div>\n\n\n\n<div class=\"wp-block-media-text has-media-on-the-right is-stacked-on-mobile\"><div class=\"wp-block-media-text__content\">\n<p><\/p>\n\n\n\n<p class=\"has-black-color has-text-color\" style=\"font-size:17px\">Les \u00e9tapes de ce projet sont de d\u00e9couvrir et de faire d\u00e9couvrir les authentiques c\u00e9ramiques japonaises, fran\u00e7aises et europ\u00e9ennes d&rsquo;utilisation quotidienne. En utilisant les r\u00e9seaux sociaux, en d\u00e9veloppant le site internet de Maison Wabi-Sabi, en expliquant \u00ab\u00a0pourquoi Maison Wabi-Sabi ? et son identit\u00e9 artisanale, puis d&rsquo;aller au Japon rencontrer les potiers qui travaillent et qui travailleront avec Maison Wabi-Sabi.<\/p>\n\n\n\n<p class=\"has-black-color has-text-color\" style=\"font-size:17px\">Ces \u00ab\u00a0Ceramic Tour\u00a0\u00bb au Japon sont indispensable dans la d\u00e9marche de ce projet pour vous faire partager les rencontres avec les potiers, le \u00ab\u00a0vrai\u00a0\u00bb artisanat japonais de la c\u00e9ramique loin des marques industrielles \u00ab\u00a0Company\u00a0\u00bb et de la production de masse.<\/p>\n\n\n\n<p class=\"has-black-color has-text-color\" style=\"font-size:17px\">Travailler avec les fabricants d&rsquo;encens japonais traditionnels de <a href=\"https:\/\/www.kyoto.travel\/fr\/index.html\" target=\"_blank\" rel=\"noreferrer noopener\"><mark style=\"background-color:rgba(0, 0, 0, 0);color:#8d9a83\" class=\"has-inline-color\">Ky\u014dto<\/mark><\/a> et de <a href=\"https:\/\/www.koyasan.or.jp\/fr\/\" target=\"_blank\" rel=\"noreferrer noopener\"><mark style=\"background-color:rgba(0, 0, 0, 0);color:#8d9a83\" class=\"has-inline-color\">K\u014dyasan<\/mark><\/a> va de paire, car le lien est tr\u00e8s proche avec la C\u00e9ramique. Ils sont disponibles dans la <a href=\"https:\/\/www.maisonwabisabi.com\/en\/boutique\/\" target=\"_blank\" rel=\"noreferrer noopener\"><mark style=\"background-color:rgba(0, 0, 0, 0);color:#8d9a83\" class=\"has-inline-color\">boutique du site<\/mark><\/a>. Maison Wabi-Sabi est tr\u00e8s fi\u00e8re qu&rsquo;ils fassent partie de cette aventure.<\/p>\n<\/div><figure class=\"wp-block-media-text__media\"><img loading=\"lazy\" decoding=\"async\" width=\"1024\" height=\"1024\" src=\"https:\/\/www.maisonwabisabi.com\/wp-content\/uploads\/2023\/07\/Notre-Histoire-Rencontres-importantes.jpg\" alt=\"Notre Histoire - Rencontres importantes\" class=\"wp-image-19729 size-full\" srcset=\"https:\/\/www.maisonwabisabi.com\/wp-content\/uploads\/2023\/07\/Notre-Histoire-Rencontres-importantes.jpg 1024w, https:\/\/www.maisonwabisabi.com\/wp-content\/uploads\/2023\/07\/Notre-Histoire-Rencontres-importantes-300x300.jpg 300w, https:\/\/www.maisonwabisabi.com\/wp-content\/uploads\/2023\/07\/Notre-Histoire-Rencontres-importantes-150x150.jpg 150w, https:\/\/www.maisonwabisabi.com\/wp-content\/uploads\/2023\/07\/Notre-Histoire-Rencontres-importantes-768x768.jpg 768w, https:\/\/www.maisonwabisabi.com\/wp-content\/uploads\/2023\/07\/Notre-Histoire-Rencontres-importantes-600x600.jpg 600w, https:\/\/www.maisonwabisabi.com\/wp-content\/uploads\/2023\/07\/Notre-Histoire-Rencontres-importantes-100x100.jpg 100w\" sizes=\"auto, (max-width: 1024px) 100vw, 1024px\" \/><\/figure><\/div>\n\n\n\n<p class=\"has-text-align-center has-black-color has-text-color\" style=\"font-size:15px\">Source des photos : Yann san de Maison Wabi-Sabi<\/p>\n\n\n\n<div style=\"height:100px\" aria-hidden=\"true\" class=\"wp-block-spacer\"><\/div>","protected":false},"excerpt":{"rendered":"<p>Yann san et Maison Wabi-Sabi \u00ab\u00a0Tout d&rsquo;abord Bonjour \u00e0 toutes et \u00e0 tous. Je me pr\u00e9sente Yann TOURET ou Yann [&hellip;]<\/p>\n","protected":false},"author":1,"featured_media":0,"parent":0,"menu_order":0,"comment_status":"closed","ping_status":"closed","template":"","meta":{"site-sidebar-layout":"default","site-content-layout":"","ast-site-content-layout":"default","site-content-style":"default","site-sidebar-style":"default","ast-global-header-display":"","ast-banner-title-visibility":"","ast-main-header-display":"","ast-hfb-above-header-display":"","ast-hfb-below-header-display":"","ast-hfb-mobile-header-display":"","site-post-title":"disabled","ast-breadcrumbs-content":"","ast-featured-img":"","footer-sml-layout":"","ast-disable-related-posts":"","theme-transparent-header-meta":"","adv-header-id-meta":"","stick-header-meta":"","header-above-stick-meta":"","header-main-stick-meta":"","header-below-stick-meta":"","astra-migrate-meta-layouts":"default","ast-page-background-enabled":"default","ast-page-background-meta":{"desktop":{"background-color":"var(--ast-global-color-5)","background-image":"","background-repeat":"repeat","background-position":"center center","background-size":"auto","background-attachment":"scroll","background-type":"","background-media":"","overlay-type":"","overlay-color":"","overlay-opacity":"","overlay-gradient":""},"tablet":{"background-color":"","background-image":"","background-repeat":"repeat","background-position":"center center","background-size":"auto","background-attachment":"scroll","background-type":"","background-media":"","overlay-type":"","overlay-color":"","overlay-opacity":"","overlay-gradient":""},"mobile":{"background-color":"","background-image":"","background-repeat":"repeat","background-position":"center center","background-size":"auto","background-attachment":"scroll","background-type":"","background-media":"","overlay-type":"","overlay-color":"","overlay-opacity":"","overlay-gradient":""}},"ast-content-background-meta":{"desktop":{"background-color":"var(--ast-global-color-4)","background-image":"","background-repeat":"repeat","background-position":"center center","background-size":"auto","background-attachment":"scroll","background-type":"","background-media":"","overlay-type":"","overlay-color":"","overlay-opacity":"","overlay-gradient":""},"tablet":{"background-color":"var(--ast-global-color-4)","background-image":"","background-repeat":"repeat","background-position":"center center","background-size":"auto","background-attachment":"scroll","background-type":"","background-media":"","overlay-type":"","overlay-color":"","overlay-opacity":"","overlay-gradient":""},"mobile":{"background-color":"var(--ast-global-color-4)","background-image":"","background-repeat":"repeat","background-position":"center center","background-size":"auto","background-attachment":"scroll","background-type":"","background-media":"","overlay-type":"","overlay-color":"","overlay-opacity":"","overlay-gradient":""}},"footnotes":""},"class_list":["post-32","page","type-page","status-publish","hentry"],"yoast_head":"<!-- This site is optimized with the Yoast SEO plugin v27.4 - https:\/\/yoast.com\/product\/yoast-seo-wordpress\/ -->\n<title>Notre Histoire - Maison Wabi-Sabi - C\u00e9ramique d&#039;art du quotidien<\/title>\n<meta name=\"description\" content=\"Notre Histoire pour comprendre la d\u00e9marche de Yann san et la cr\u00e9ation de ce site internet qui promeut l&#039;artisanat de la c\u00e9ramique.\" \/>\n<meta name=\"robots\" content=\"index, follow, max-snippet:-1, max-image-preview:large, max-video-preview:-1\" \/>\n<link rel=\"canonical\" href=\"https:\/\/www.maisonwabisabi.com\/en\/notre-histoire\/\" \/>\n<meta property=\"og:locale\" content=\"en_GB\" \/>\n<meta property=\"og:type\" content=\"article\" \/>\n<meta property=\"og:title\" content=\"Notre Histoire - Maison Wabi-Sabi - C\u00e9ramique d&#039;art du quotidien\" \/>\n<meta property=\"og:description\" content=\"Notre Histoire pour comprendre la d\u00e9marche de Yann san et la cr\u00e9ation de ce site internet qui promeut l&#039;artisanat de la c\u00e9ramique.\" \/>\n<meta property=\"og:url\" content=\"https:\/\/www.maisonwabisabi.com\/en\/notre-histoire\/\" \/>\n<meta property=\"og:site_name\" content=\"Maison Wabi-Sabi\" \/>\n<meta property=\"article:publisher\" content=\"https:\/\/www.facebook.com\/MaisonWabiSabi\" \/>\n<meta property=\"article:modified_time\" content=\"2025-07-01T21:06:43+00:00\" \/>\n<meta property=\"og:image\" content=\"https:\/\/www.maisonwabisabi.com\/wp-content\/uploads\/2023\/07\/Notre-Histoire-Maison-de-the-Jo-an-Urakuen2.jpg\" \/>\n\t<meta property=\"og:image:width\" content=\"1024\" \/>\n\t<meta property=\"og:image:height\" content=\"1024\" \/>\n\t<meta property=\"og:image:type\" content=\"image\/jpeg\" \/>\n<meta name=\"twitter:card\" content=\"summary_large_image\" \/>\n<meta name=\"twitter:label1\" content=\"Estimated reading time\" \/>\n\t<meta name=\"twitter:data1\" content=\"19 minutes\" \/>\n<script type=\"application\/ld+json\" class=\"yoast-schema-graph\">{\"@context\":\"https:\\\/\\\/schema.org\",\"@graph\":[{\"@type\":\"WebPage\",\"@id\":\"https:\\\/\\\/www.maisonwabisabi.com\\\/notre-histoire\\\/\",\"url\":\"https:\\\/\\\/www.maisonwabisabi.com\\\/notre-histoire\\\/\",\"name\":\"Notre Histoire - Maison Wabi-Sabi - C\u00e9ramique d'art du quotidien\",\"isPartOf\":{\"@id\":\"https:\\\/\\\/www.maisonwabisabi.com\\\/#website\"},\"primaryImageOfPage\":{\"@id\":\"https:\\\/\\\/www.maisonwabisabi.com\\\/notre-histoire\\\/#primaryimage\"},\"image\":{\"@id\":\"https:\\\/\\\/www.maisonwabisabi.com\\\/notre-histoire\\\/#primaryimage\"},\"thumbnailUrl\":\"https:\\\/\\\/www.maisonwabisabi.com\\\/wp-content\\\/uploads\\\/2023\\\/07\\\/Notre-Histoire-Maison-de-the-Jo-an-Urakuen2.jpg\",\"datePublished\":\"2021-06-22T18:38:22+00:00\",\"dateModified\":\"2025-07-01T21:06:43+00:00\",\"description\":\"Notre Histoire pour comprendre la d\u00e9marche de Yann san et la cr\u00e9ation de ce site internet qui promeut l'artisanat de la c\u00e9ramique.\",\"breadcrumb\":{\"@id\":\"https:\\\/\\\/www.maisonwabisabi.com\\\/notre-histoire\\\/#breadcrumb\"},\"inLanguage\":\"en-GB\",\"potentialAction\":[{\"@type\":\"ReadAction\",\"target\":[\"https:\\\/\\\/www.maisonwabisabi.com\\\/notre-histoire\\\/\"]}]},{\"@type\":\"ImageObject\",\"inLanguage\":\"en-GB\",\"@id\":\"https:\\\/\\\/www.maisonwabisabi.com\\\/notre-histoire\\\/#primaryimage\",\"url\":\"https:\\\/\\\/www.maisonwabisabi.com\\\/wp-content\\\/uploads\\\/2023\\\/07\\\/Notre-Histoire-Maison-de-the-Jo-an-Urakuen2.jpg\",\"contentUrl\":\"https:\\\/\\\/www.maisonwabisabi.com\\\/wp-content\\\/uploads\\\/2023\\\/07\\\/Notre-Histoire-Maison-de-the-Jo-an-Urakuen2.jpg\"},{\"@type\":\"BreadcrumbList\",\"@id\":\"https:\\\/\\\/www.maisonwabisabi.com\\\/notre-histoire\\\/#breadcrumb\",\"itemListElement\":[{\"@type\":\"ListItem\",\"position\":1,\"name\":\"Bienvenue\",\"item\":\"https:\\\/\\\/www.maisonwabisabi.com\\\/\"},{\"@type\":\"ListItem\",\"position\":2,\"name\":\"Notre Histoire\"}]},{\"@type\":\"WebSite\",\"@id\":\"https:\\\/\\\/www.maisonwabisabi.com\\\/#website\",\"url\":\"https:\\\/\\\/www.maisonwabisabi.com\\\/\",\"name\":\"Maison Wabi-Sabi\",\"description\":\"\",\"publisher\":{\"@id\":\"https:\\\/\\\/www.maisonwabisabi.com\\\/#organization\"},\"potentialAction\":[{\"@type\":\"SearchAction\",\"target\":{\"@type\":\"EntryPoint\",\"urlTemplate\":\"https:\\\/\\\/www.maisonwabisabi.com\\\/?s={search_term_string}\"},\"query-input\":{\"@type\":\"PropertyValueSpecification\",\"valueRequired\":true,\"valueName\":\"search_term_string\"}}],\"inLanguage\":\"en-GB\"},{\"@type\":\"Organization\",\"@id\":\"https:\\\/\\\/www.maisonwabisabi.com\\\/#organization\",\"name\":\"Maison Wabi-Sabi\",\"url\":\"https:\\\/\\\/www.maisonwabisabi.com\\\/\",\"logo\":{\"@type\":\"ImageObject\",\"inLanguage\":\"en-GB\",\"@id\":\"https:\\\/\\\/www.maisonwabisabi.com\\\/#\\\/schema\\\/logo\\\/image\\\/\",\"url\":\"https:\\\/\\\/www.maisonwabisabi.com\\\/wp-content\\\/uploads\\\/2021\\\/11\\\/Logo-de-maison-Wabi-Sabi.jpg\",\"contentUrl\":\"https:\\\/\\\/www.maisonwabisabi.com\\\/wp-content\\\/uploads\\\/2021\\\/11\\\/Logo-de-maison-Wabi-Sabi.jpg\",\"width\":1024,\"height\":1024,\"caption\":\"Maison Wabi-Sabi\"},\"image\":{\"@id\":\"https:\\\/\\\/www.maisonwabisabi.com\\\/#\\\/schema\\\/logo\\\/image\\\/\"},\"sameAs\":[\"https:\\\/\\\/www.facebook.com\\\/MaisonWabiSabi\",\"https:\\\/\\\/www.instagram.com\\\/maison.wabi.sabi\\\/?hl=fr\",\"https:\\\/\\\/www.linkedin.com\\\/company\\\/69088467\"]}]}<\/script>\n<!-- \/ Yoast SEO plugin. -->","yoast_head_json":{"title":"Notre Histoire - Maison Wabi-Sabi - C\u00e9ramique d'art du quotidien","description":"Notre Histoire pour comprendre la d\u00e9marche de Yann san et la cr\u00e9ation de ce site internet qui promeut l'artisanat de la c\u00e9ramique.","robots":{"index":"index","follow":"follow","max-snippet":"max-snippet:-1","max-image-preview":"max-image-preview:large","max-video-preview":"max-video-preview:-1"},"canonical":"https:\/\/www.maisonwabisabi.com\/en\/notre-histoire\/","og_locale":"en_GB","og_type":"article","og_title":"Notre Histoire - Maison Wabi-Sabi - C\u00e9ramique d'art du quotidien","og_description":"Notre Histoire pour comprendre la d\u00e9marche de Yann san et la cr\u00e9ation de ce site internet qui promeut l'artisanat de la c\u00e9ramique.","og_url":"https:\/\/www.maisonwabisabi.com\/en\/notre-histoire\/","og_site_name":"Maison Wabi-Sabi","article_publisher":"https:\/\/www.facebook.com\/MaisonWabiSabi","article_modified_time":"2025-07-01T21:06:43+00:00","og_image":[{"width":1024,"height":1024,"url":"https:\/\/www.maisonwabisabi.com\/wp-content\/uploads\/2023\/07\/Notre-Histoire-Maison-de-the-Jo-an-Urakuen2.jpg","type":"image\/jpeg"}],"twitter_card":"summary_large_image","twitter_misc":{"Estimated reading time":"19 minutes"},"schema":{"@context":"https:\/\/schema.org","@graph":[{"@type":"WebPage","@id":"https:\/\/www.maisonwabisabi.com\/notre-histoire\/","url":"https:\/\/www.maisonwabisabi.com\/notre-histoire\/","name":"Notre Histoire - Maison Wabi-Sabi - C\u00e9ramique d'art du quotidien","isPartOf":{"@id":"https:\/\/www.maisonwabisabi.com\/#website"},"primaryImageOfPage":{"@id":"https:\/\/www.maisonwabisabi.com\/notre-histoire\/#primaryimage"},"image":{"@id":"https:\/\/www.maisonwabisabi.com\/notre-histoire\/#primaryimage"},"thumbnailUrl":"https:\/\/www.maisonwabisabi.com\/wp-content\/uploads\/2023\/07\/Notre-Histoire-Maison-de-the-Jo-an-Urakuen2.jpg","datePublished":"2021-06-22T18:38:22+00:00","dateModified":"2025-07-01T21:06:43+00:00","description":"Notre Histoire pour comprendre la d\u00e9marche de Yann san et la cr\u00e9ation de ce site internet qui promeut l'artisanat de la c\u00e9ramique.","breadcrumb":{"@id":"https:\/\/www.maisonwabisabi.com\/notre-histoire\/#breadcrumb"},"inLanguage":"en-GB","potentialAction":[{"@type":"ReadAction","target":["https:\/\/www.maisonwabisabi.com\/notre-histoire\/"]}]},{"@type":"ImageObject","inLanguage":"en-GB","@id":"https:\/\/www.maisonwabisabi.com\/notre-histoire\/#primaryimage","url":"https:\/\/www.maisonwabisabi.com\/wp-content\/uploads\/2023\/07\/Notre-Histoire-Maison-de-the-Jo-an-Urakuen2.jpg","contentUrl":"https:\/\/www.maisonwabisabi.com\/wp-content\/uploads\/2023\/07\/Notre-Histoire-Maison-de-the-Jo-an-Urakuen2.jpg"},{"@type":"BreadcrumbList","@id":"https:\/\/www.maisonwabisabi.com\/notre-histoire\/#breadcrumb","itemListElement":[{"@type":"ListItem","position":1,"name":"Bienvenue","item":"https:\/\/www.maisonwabisabi.com\/"},{"@type":"ListItem","position":2,"name":"Notre Histoire"}]},{"@type":"WebSite","@id":"https:\/\/www.maisonwabisabi.com\/#website","url":"https:\/\/www.maisonwabisabi.com\/","name":"Maison Wabi-Sabi","description":"","publisher":{"@id":"https:\/\/www.maisonwabisabi.com\/#organization"},"potentialAction":[{"@type":"SearchAction","target":{"@type":"EntryPoint","urlTemplate":"https:\/\/www.maisonwabisabi.com\/?s={search_term_string}"},"query-input":{"@type":"PropertyValueSpecification","valueRequired":true,"valueName":"search_term_string"}}],"inLanguage":"en-GB"},{"@type":"Organization","@id":"https:\/\/www.maisonwabisabi.com\/#organization","name":"Maison Wabi-Sabi","url":"https:\/\/www.maisonwabisabi.com\/","logo":{"@type":"ImageObject","inLanguage":"en-GB","@id":"https:\/\/www.maisonwabisabi.com\/#\/schema\/logo\/image\/","url":"https:\/\/www.maisonwabisabi.com\/wp-content\/uploads\/2021\/11\/Logo-de-maison-Wabi-Sabi.jpg","contentUrl":"https:\/\/www.maisonwabisabi.com\/wp-content\/uploads\/2021\/11\/Logo-de-maison-Wabi-Sabi.jpg","width":1024,"height":1024,"caption":"Maison Wabi-Sabi"},"image":{"@id":"https:\/\/www.maisonwabisabi.com\/#\/schema\/logo\/image\/"},"sameAs":["https:\/\/www.facebook.com\/MaisonWabiSabi","https:\/\/www.instagram.com\/maison.wabi.sabi\/?hl=fr","https:\/\/www.linkedin.com\/company\/69088467"]}]}},"_links":{"self":[{"href":"https:\/\/www.maisonwabisabi.com\/en\/wp-json\/wp\/v2\/pages\/32","targetHints":{"allow":["GET"]}}],"collection":[{"href":"https:\/\/www.maisonwabisabi.com\/en\/wp-json\/wp\/v2\/pages"}],"about":[{"href":"https:\/\/www.maisonwabisabi.com\/en\/wp-json\/wp\/v2\/types\/page"}],"author":[{"embeddable":true,"href":"https:\/\/www.maisonwabisabi.com\/en\/wp-json\/wp\/v2\/users\/1"}],"replies":[{"embeddable":true,"href":"https:\/\/www.maisonwabisabi.com\/en\/wp-json\/wp\/v2\/comments?post=32"}],"version-history":[{"count":2,"href":"https:\/\/www.maisonwabisabi.com\/en\/wp-json\/wp\/v2\/pages\/32\/revisions"}],"predecessor-version":[{"id":35703,"href":"https:\/\/www.maisonwabisabi.com\/en\/wp-json\/wp\/v2\/pages\/32\/revisions\/35703"}],"wp:attachment":[{"href":"https:\/\/www.maisonwabisabi.com\/en\/wp-json\/wp\/v2\/media?parent=32"}],"curies":[{"name":"wp","href":"https:\/\/api.w.org\/{rel}","templated":true}]}}