{"id":15388,"date":"2023-02-16T14:45:17","date_gmt":"2023-02-16T13:45:17","guid":{"rendered":"https:\/\/www.maisonwabisabi.com\/?page_id=15388"},"modified":"2026-04-11T16:31:02","modified_gmt":"2026-04-11T14:31:02","slug":"evenements","status":"publish","type":"page","link":"https:\/\/www.maisonwabisabi.com\/en\/evenements\/","title":{"rendered":"Expositions \/ Ventes de Maison Wabi-Sabi"},"content":{"rendered":"<div style=\"height:20px\" aria-hidden=\"true\" class=\"wp-block-spacer\"><\/div>\n\n\n\n<h2 class=\"wp-block-heading has-text-align-center has-black-color has-text-color has-background\" style=\"background-color:#8d9a83;font-size:21px\"><strong><strong><strong><strong><strong><strong><strong>Expositions \/ Ventes annuelles<\/strong><\/strong><\/strong><\/strong><\/strong><\/strong><\/strong><\/h2>\n\n\n\n<div style=\"height:20px\" aria-hidden=\"true\" class=\"wp-block-spacer\"><\/div>\n\n\n\n<p class=\"has-black-color has-text-color has-link-color wp-elements-c2973cc8b3a55e89da78d43e8ac3b2eb\" style=\"font-size:17px\">\u00ab\u00a0Depuis 2022, Maison Wabi-Sabi fait d\u00e9couvrir la c\u00e9ramique au fil d\u2019\u00e9v\u00e9nements o\u00f9 se rencontrent artisanat, culture japonaise, Sake et gastronomie. Au c\u0153ur de Paris, \u00e0 la Galerie Guilhem, nous organisons plusieurs fois par an des expositions-ventes saisonni\u00e8res : de v\u00e9ritables moments de partage pour \u00e9changer autour de la passion de la c\u00e9ramique. Notre souhait est de vous faire voyager \u00e0 travers la diversit\u00e9 de la c\u00e9ramique japonaise, mais aussi d\u2019ouvrir la porte \u00e0 d\u2019autres traditions et savoir-faire venus d\u2019ailleurs. En donnant vie \u00e0 ces rencontres, nous participons \u00e0 la revitalisation de la c\u00e9ramique japonaise, aussi bien au Japon qu\u2019au-del\u00e0 de ses fronti\u00e8res. Et parce que l\u2019artisanat prend tout son sens dans l\u2019usage, nous aimons \u00e9galement mettre en lumi\u00e8re d\u2019autres cr\u00e9ations, toujours li\u00e9es au quotidien et \u00e0 l\u2019art de vivre.\u00a0\u00bb<\/p>\n\n\n\n<figure class=\"wp-block-gallery has-nested-images columns-4 is-cropped wp-block-gallery-1 is-layout-flex wp-block-gallery-is-layout-flex\">\n<figure class=\"wp-block-image size-large\"><a href=\"https:\/\/www.maisonwabisabi.com\/en\/evenements-2025\/\" target=\"_blank\" rel=\" noreferrer noopener\"><img loading=\"lazy\" decoding=\"async\" width=\"1024\" height=\"1024\" data-id=\"36955\" src=\"https:\/\/www.maisonwabisabi.com\/wp-content\/uploads\/2025\/09\/Evenements-2025.jpg\" alt=\"\u00c9v\u00e8nements pass\u00e9s de l'ann\u00e9e 2025 par Maison Wabi-Sabi\" class=\"wp-image-36955\" srcset=\"https:\/\/www.maisonwabisabi.com\/wp-content\/uploads\/2025\/09\/Evenements-2025.jpg 1024w, https:\/\/www.maisonwabisabi.com\/wp-content\/uploads\/2025\/09\/Evenements-2025-300x300.jpg 300w, https:\/\/www.maisonwabisabi.com\/wp-content\/uploads\/2025\/09\/Evenements-2025-150x150.jpg 150w, https:\/\/www.maisonwabisabi.com\/wp-content\/uploads\/2025\/09\/Evenements-2025-768x768.jpg 768w, https:\/\/www.maisonwabisabi.com\/wp-content\/uploads\/2025\/09\/Evenements-2025-12x12.jpg 12w, https:\/\/www.maisonwabisabi.com\/wp-content\/uploads\/2025\/09\/Evenements-2025-600x600.jpg 600w, https:\/\/www.maisonwabisabi.com\/wp-content\/uploads\/2025\/09\/Evenements-2025-100x100.jpg 100w\" sizes=\"auto, (max-width: 1024px) 100vw, 1024px\" \/><\/a><\/figure>\n\n\n\n<figure class=\"wp-block-image size-large\"><a href=\"https:\/\/www.maisonwabisabi.com\/en\/evenements-2024\/\" target=\"_blank\" rel=\" noreferrer noopener\"><img loading=\"lazy\" decoding=\"async\" width=\"1024\" height=\"1024\" data-id=\"36954\" src=\"https:\/\/www.maisonwabisabi.com\/wp-content\/uploads\/2025\/09\/Evenements-2024.jpg\" alt=\"\u00c9v\u00e8nements pass\u00e9s de l'ann\u00e9e 2024 par Maison Wabi-Sabi\" class=\"wp-image-36954\" srcset=\"https:\/\/www.maisonwabisabi.com\/wp-content\/uploads\/2025\/09\/Evenements-2024.jpg 1024w, https:\/\/www.maisonwabisabi.com\/wp-content\/uploads\/2025\/09\/Evenements-2024-300x300.jpg 300w, https:\/\/www.maisonwabisabi.com\/wp-content\/uploads\/2025\/09\/Evenements-2024-150x150.jpg 150w, https:\/\/www.maisonwabisabi.com\/wp-content\/uploads\/2025\/09\/Evenements-2024-768x768.jpg 768w, https:\/\/www.maisonwabisabi.com\/wp-content\/uploads\/2025\/09\/Evenements-2024-12x12.jpg 12w, https:\/\/www.maisonwabisabi.com\/wp-content\/uploads\/2025\/09\/Evenements-2024-600x600.jpg 600w, https:\/\/www.maisonwabisabi.com\/wp-content\/uploads\/2025\/09\/Evenements-2024-100x100.jpg 100w\" sizes=\"auto, (max-width: 1024px) 100vw, 1024px\" \/><\/a><\/figure>\n\n\n\n<figure class=\"wp-block-image size-large\"><a href=\"https:\/\/www.maisonwabisabi.com\/en\/evenements-2023\/\" target=\"_blank\" rel=\" noreferrer noopener\"><img loading=\"lazy\" decoding=\"async\" width=\"1024\" height=\"1024\" data-id=\"36953\" src=\"https:\/\/www.maisonwabisabi.com\/wp-content\/uploads\/2025\/09\/Evenements-2023.jpg\" alt=\"\u00c9v\u00e8nements pass\u00e9s de l'ann\u00e9e 2023 par Maison Wabi-Sabi\" class=\"wp-image-36953\" srcset=\"https:\/\/www.maisonwabisabi.com\/wp-content\/uploads\/2025\/09\/Evenements-2023.jpg 1024w, https:\/\/www.maisonwabisabi.com\/wp-content\/uploads\/2025\/09\/Evenements-2023-300x300.jpg 300w, https:\/\/www.maisonwabisabi.com\/wp-content\/uploads\/2025\/09\/Evenements-2023-150x150.jpg 150w, https:\/\/www.maisonwabisabi.com\/wp-content\/uploads\/2025\/09\/Evenements-2023-768x768.jpg 768w, https:\/\/www.maisonwabisabi.com\/wp-content\/uploads\/2025\/09\/Evenements-2023-12x12.jpg 12w, https:\/\/www.maisonwabisabi.com\/wp-content\/uploads\/2025\/09\/Evenements-2023-600x600.jpg 600w, https:\/\/www.maisonwabisabi.com\/wp-content\/uploads\/2025\/09\/Evenements-2023-100x100.jpg 100w\" sizes=\"auto, (max-width: 1024px) 100vw, 1024px\" \/><\/a><\/figure>\n\n\n\n<figure class=\"wp-block-image size-large\"><a href=\"https:\/\/www.maisonwabisabi.com\/en\/evenements-2022\/\" target=\"_blank\" rel=\" noreferrer noopener\"><img loading=\"lazy\" decoding=\"async\" width=\"1024\" height=\"1024\" data-id=\"36952\" src=\"https:\/\/www.maisonwabisabi.com\/wp-content\/uploads\/2025\/09\/Evenements-2022.jpg\" alt=\"\u00c9v\u00e8nements pass\u00e9s de l'ann\u00e9e 2022 par Maison Wabi-Sabi\" class=\"wp-image-36952\" srcset=\"https:\/\/www.maisonwabisabi.com\/wp-content\/uploads\/2025\/09\/Evenements-2022.jpg 1024w, https:\/\/www.maisonwabisabi.com\/wp-content\/uploads\/2025\/09\/Evenements-2022-300x300.jpg 300w, https:\/\/www.maisonwabisabi.com\/wp-content\/uploads\/2025\/09\/Evenements-2022-150x150.jpg 150w, https:\/\/www.maisonwabisabi.com\/wp-content\/uploads\/2025\/09\/Evenements-2022-768x768.jpg 768w, https:\/\/www.maisonwabisabi.com\/wp-content\/uploads\/2025\/09\/Evenements-2022-12x12.jpg 12w, https:\/\/www.maisonwabisabi.com\/wp-content\/uploads\/2025\/09\/Evenements-2022-600x600.jpg 600w, https:\/\/www.maisonwabisabi.com\/wp-content\/uploads\/2025\/09\/Evenements-2022-100x100.jpg 100w\" sizes=\"auto, (max-width: 1024px) 100vw, 1024px\" \/><\/a><\/figure>\n<\/figure>\n\n\n\n<div style=\"height:50px\" aria-hidden=\"true\" class=\"wp-block-spacer\"><\/div>\n\n\n\n<h2 class=\"wp-block-heading has-text-align-center has-black-color has-text-color has-background\" style=\"background-color:#8d9a83;font-size:21px\"><strong>Collection FUYU 2026 &#8211; D\u00e9cembre 2026<\/strong><\/h2>\n\n\n\n<div style=\"height:20px\" aria-hidden=\"true\" class=\"wp-block-spacer\"><\/div>\n\n\n\n<p class=\"has-black-color has-text-color has-link-color wp-elements-9dc4fd651ce516e50a506c56238ea5a3\" style=\"font-size:17px\"><strong>Dates : Jeudi 17 D\u00e9cembre au Mercredi 23 D\u00e9cembre 2026 &#8211; de 12h \u00e0 19h<\/strong><\/p>\n\n\n\n<p class=\"has-black-color has-text-color has-link-color wp-elements-5fb71770b2aee8c151cf703e3b9d7825\" style=\"font-size:17px\"><strong><strong>Lieu :<strong> <strong><a href=\"https:\/\/goo.gl\/maps\/Y8cv7BiswYovsHmG9\" target=\"_blank\" rel=\"noreferrer noopener\"><mark style=\"background-color:rgba(0, 0, 0, 0);color:#8d9a83\" class=\"has-inline-color\">L<\/mark><\/a><a href=\"https:\/\/goo.gl\/maps\/Y8cv7BiswYovsHmG9\"><mark style=\"background-color:rgba(0, 0, 0, 0);color:#8d9a83\" class=\"has-inline-color\">a Galerie Guilhem<\/mark><\/a><\/strong><\/strong> &#8211; 8 rue du G\u00e9n\u00e9ral Guilhem &#8211; Paris 11\u00e8me<\/strong><\/strong><\/p>\n\n\n\n<div style=\"height:50px\" aria-hidden=\"true\" class=\"wp-block-spacer\"><\/div>\n\n\n\n<h2 class=\"wp-block-heading has-text-align-center has-black-color has-text-color has-background\" style=\"background-color:#8d9a83;font-size:21px\"><strong>Ceramic Tour 2026 &#8211; Novembre 2026<\/strong><\/h2>\n\n\n\n<div style=\"height:20px\" aria-hidden=\"true\" class=\"wp-block-spacer\"><\/div>\n\n\n\n<p class=\"has-black-color has-text-color\" style=\"font-size:17px\"><strong>Dates : Mardi 10 Novembre au Vendredi 27 Novembre 2026<\/strong><\/p>\n\n\n\n<p class=\"has-black-color has-text-color\" style=\"font-size:17px\"><strong>Lieu : \u014csaka \u00e0&nbsp;Ky\u014dto, au Centre de Honsh\u016b.<\/strong><\/p>\n\n\n\n<p class=\"has-black-color has-text-color\" style=\"font-size:17px\">Un <a href=\"https:\/\/www.maisonwabisabi.com\/en\/shokunin\/ceramic-tour-2026\/\" target=\"_blank\" rel=\"noreferrer noopener\">Ceramic Tour 2026<\/a> de 18 jours en compagnie de 5 personnes passionn\u00e9es par l&rsquo;artisanat, la c\u00e9ramique et le Japon. Pour d\u00e9couvrir les 6 sites historiques de la C\u00e9ramique Japonaise : Nihon Rokkoy\u014d.&nbsp;Rencontrer des potiers qui&nbsp;collaborent avec Yann san. Nous rencontrerons \u00e9galement d\u2019autres potiers par pure passion et admiration de leurs cr\u00e9ations. On visitera les Mus\u00e9es des c\u00e9ramiques r\u00e9gionales, les galeries et les magasins sp\u00e9cialis\u00e9es, les ateliers, les fours ancestraux et locaux, et les villes et villages qui comptent profond\u00e9ment dans la culture japonaise et l\u2019artisanat de la c\u00e9ramique mill\u00e9naire.<\/p>\n\n\n\n<div style=\"height:50px\" aria-hidden=\"true\" class=\"wp-block-spacer\"><\/div>\n\n\n\n<h2 class=\"wp-block-heading has-text-align-center has-black-color has-text-color has-background\" style=\"background-color:#8d9a83;font-size:21px\"><strong><strong>Major Craftsman of Ceramics N\u00b004 &#8211; Octobre 2026<\/strong><\/strong><\/h2>\n\n\n\n<div style=\"height:20px\" aria-hidden=\"true\" class=\"wp-block-spacer\"><\/div>\n\n\n\n<p class=\"has-black-color has-text-color has-link-color wp-elements-58e46f0d1b603e40737f15585b8321a3\" style=\"font-size:17px\"><strong>Major Craftsman of Ceramics &#8211; Octobre 2026<\/strong><\/p>\n\n\n\n<p class=\"has-black-color has-text-color has-link-color wp-elements-e9f73e70299804aabff0b8449977a79f\" style=\"font-size:17px\"><strong>Dates : Jeudi 15 Octobre au Dimanche 18 Octobre 2026 &#8211; de 11h \u00e0 20h<\/strong><\/p>\n\n\n\n<p class=\"has-black-color has-text-color has-link-color wp-elements-d6d89c159da4035aeb85e28969231327\" style=\"font-size:17px\"><strong><strong>Lieu : <strong><strong><a href=\"https:\/\/goo.gl\/maps\/Y8cv7BiswYovsHmG9\" target=\"_blank\" rel=\"noreferrer noopener\"><mark style=\"background-color:rgba(0, 0, 0, 0);color:#8d9a83\" class=\"has-inline-color\">L<\/mark><\/a><a href=\"https:\/\/goo.gl\/maps\/Y8cv7BiswYovsHmG9\"><mark style=\"background-color:rgba(0, 0, 0, 0);color:#8d9a83\" class=\"has-inline-color\">a Galerie Guilhem<\/mark><\/a><\/strong><\/strong> &#8211; 8 rue du G\u00e9n\u00e9ral Guilhem &#8211; Paris 11\u00e8me<\/strong><\/strong><\/p>\n\n\n\n<div style=\"height:50px\" aria-hidden=\"true\" class=\"wp-block-spacer\"><\/div>\n\n\n\n<h2 class=\"wp-block-heading has-text-align-center has-black-color has-text-color has-background\" style=\"background-color:#8d9a83;font-size:21px\"><strong>Collection AKI 2026 &#8211; Septembre 2026<\/strong><\/h2>\n\n\n\n<div style=\"height:20px\" aria-hidden=\"true\" class=\"wp-block-spacer\"><\/div>\n\n\n\n<p class=\"has-black-color has-text-color has-link-color wp-elements-56bc95d783a794019ba102989a9b4014\" style=\"font-size:17px\"><strong>Dates : Jeudi 24 Septembre au Lundi 28 Septembre 2026 &#8211; de 12h \u00e0 19h30<\/strong><\/p>\n\n\n\n<p class=\"has-black-color has-text-color has-link-color wp-elements-d8bdf6425fa0c1874f41d77e6080a860\" style=\"font-size:17px\"><strong>Lieu : <strong><strong><a href=\"https:\/\/goo.gl\/maps\/Y8cv7BiswYovsHmG9\" target=\"_blank\" rel=\"noreferrer noopener\"><mark style=\"background-color:rgba(0, 0, 0, 0);color:#8d9a83\" class=\"has-inline-color\">L<\/mark><\/a><a href=\"https:\/\/goo.gl\/maps\/Y8cv7BiswYovsHmG9\"><mark style=\"background-color:rgba(0, 0, 0, 0);color:#8d9a83\" class=\"has-inline-color\">a Galerie Guilhem<\/mark><\/a><\/strong><\/strong> &#8211; 8 rue du G\u00e9n\u00e9ral Guilhem &#8211; Paris 11\u00e8me<\/strong><\/p>\n\n\n\n<div style=\"height:50px\" aria-hidden=\"true\" class=\"wp-block-spacer\"><\/div>\n\n\n\n<h2 class=\"wp-block-heading has-text-align-center has-black-color has-text-color has-background\" style=\"background-color:#8d9a83;font-size:21px\"><strong>Spring Artisans &#8211; Juillet 2026<\/strong><\/h2>\n\n\n\n<div style=\"height:20px\" aria-hidden=\"true\" class=\"wp-block-spacer\"><\/div>\n\n\n\n<p><strong>Dates : Vendredi 10 Juillet au Jeudi 16 Juillet 2026 &#8211; de 11h \u00e0 20h<\/strong><\/p>\n\n\n\n<p><strong>Lieu : Varengeville-sur-Mer<\/strong><\/p>\n\n\n\n<div style=\"height:50px\" aria-hidden=\"true\" class=\"wp-block-spacer\"><\/div>\n\n\n\n<h2 class=\"wp-block-heading has-text-align-center has-black-color has-text-color has-background\" style=\"background-color:#8d9a83;font-size:21px\"><strong>Collection NATSU 2026 &#8211; Juin 2026<\/strong><\/h2>\n\n\n\n<div style=\"height:20px\" aria-hidden=\"true\" class=\"wp-block-spacer\"><\/div>\n\n\n\n<p class=\"has-black-color has-text-color has-link-color wp-elements-5792f1a58a27c1a2c6b6bca7e8f45ed5\" style=\"font-size:17px\"><strong>Dates : Jeudi 18 Juin au Lundi 22 Juin 2026 &#8211; de 12h \u00e0 19h30<\/strong><\/p>\n\n\n\n<p class=\"has-black-color has-text-color has-link-color wp-elements-d6d89c159da4035aeb85e28969231327\" style=\"font-size:17px\"><strong><strong>Lieu : <strong><strong><a href=\"https:\/\/goo.gl\/maps\/Y8cv7BiswYovsHmG9\" target=\"_blank\" rel=\"noreferrer noopener\"><mark style=\"background-color:rgba(0, 0, 0, 0);color:#8d9a83\" class=\"has-inline-color\">L<\/mark><\/a><a href=\"https:\/\/goo.gl\/maps\/Y8cv7BiswYovsHmG9\"><mark style=\"background-color:rgba(0, 0, 0, 0);color:#8d9a83\" class=\"has-inline-color\">a Galerie Guilhem<\/mark><\/a><\/strong><\/strong> &#8211; 8 rue du G\u00e9n\u00e9ral Guilhem &#8211; Paris 11\u00e8me<\/strong><\/strong><\/p>\n\n\n\n<div style=\"height:50px\" aria-hidden=\"true\" class=\"wp-block-spacer\"><\/div>\n\n\n\n<h2 class=\"wp-block-heading has-text-align-center has-black-color has-text-color has-background\" style=\"background-color:#8d9a83;font-size:21px\"><strong>Paris Tea Festival 2026 &#8211; Juin 2026<\/strong><\/h2>\n\n\n\n<div style=\"height:20px\" aria-hidden=\"true\" class=\"wp-block-spacer\"><\/div>\n\n\n\n<p class=\"has-black-color has-text-color has-link-color wp-elements-1cb22f1f2288f60f82b8f9fb85b5e81d\" style=\"font-size:17px\"><strong>Dates : Dimanche 14 Juin 2026 &#8211; de 10h \u00e0 18h<\/strong><\/p>\n\n\n\n<p class=\"has-black-color has-text-color has-link-color wp-elements-bf50db3b1100332b0247bea6a99b2ef8\" style=\"font-size:17px\"><strong>Lieu : <a href=\"https:\/\/maps.app.goo.gl\/7c2NS6MkTyXeqiax7\"><mark style=\"background-color:rgba(0, 0, 0, 0);color:#8d9a83\" class=\"has-inline-color\">Maison Internationale &#8211; Cit\u00e9 universitaire internationale<\/mark><\/a> &#8211; 17 Boulevard Jourdan &#8211; Paris 14\u00e8me<\/strong><\/p>\n\n\n\n<div style=\"height:50px\" aria-hidden=\"true\" class=\"wp-block-spacer\"><\/div>\n\n\n\n<h2 class=\"wp-block-heading has-text-align-center has-black-color has-text-color has-background\" style=\"background-color:#8d9a83;font-size:21px\"><strong>Collection HARU 2026 &#8211; Mars 2026<\/strong><\/h2>\n\n\n\n<div style=\"height:20px\" aria-hidden=\"true\" class=\"wp-block-spacer\"><\/div>\n\n\n\n<p class=\"has-black-color has-text-color\" style=\"font-size:17px\"><strong>Dates : Jeudi 19 Mars au Lundi 23 Mars 2026 &#8211; de 12h \u00e0 19h30<\/strong><\/p>\n\n\n\n<p class=\"has-black-color has-text-color has-link-color wp-elements-d8bdf6425fa0c1874f41d77e6080a860\" style=\"font-size:17px\"><strong>Lieu : <strong><strong><a href=\"https:\/\/goo.gl\/maps\/Y8cv7BiswYovsHmG9\" target=\"_blank\" rel=\"noreferrer noopener\"><mark style=\"background-color:rgba(0, 0, 0, 0);color:#8d9a83\" class=\"has-inline-color\">L<\/mark><\/a><a href=\"https:\/\/goo.gl\/maps\/Y8cv7BiswYovsHmG9\"><mark style=\"background-color:rgba(0, 0, 0, 0);color:#8d9a83\" class=\"has-inline-color\">a Galerie Guilhem<\/mark><\/a><\/strong><\/strong> &#8211; 8 rue du G\u00e9n\u00e9ral Guilhem &#8211; Paris 11\u00e8me<\/strong><\/p>\n\n\n\n<div style=\"height:100px\" aria-hidden=\"true\" class=\"wp-block-spacer\"><\/div>\n\n\n\n<div style=\"height:0px\" aria-hidden=\"true\" class=\"wp-block-spacer\"><\/div>","protected":false},"excerpt":{"rendered":"<p>Expositions \/ Ventes annuelles \u00ab\u00a0Depuis 2022, Maison Wabi-Sabi fait d\u00e9couvrir la c\u00e9ramique au fil d\u2019\u00e9v\u00e9nements o\u00f9 se rencontrent artisanat, culture [&hellip;]<\/p>\n","protected":false},"author":1,"featured_media":0,"parent":0,"menu_order":0,"comment_status":"closed","ping_status":"closed","template":"","meta":{"site-sidebar-layout":"default","site-content-layout":"","ast-site-content-layout":"default","site-content-style":"default","site-sidebar-style":"default","ast-global-header-display":"","ast-banner-title-visibility":"","ast-main-header-display":"","ast-hfb-above-header-display":"","ast-hfb-below-header-display":"","ast-hfb-mobile-header-display":"","site-post-title":"disabled","ast-breadcrumbs-content":"","ast-featured-img":"","footer-sml-layout":"","ast-disable-related-posts":"","theme-transparent-header-meta":"","adv-header-id-meta":"","stick-header-meta":"","header-above-stick-meta":"","header-main-stick-meta":"","header-below-stick-meta":"","astra-migrate-meta-layouts":"default","ast-page-background-enabled":"default","ast-page-background-meta":{"desktop":{"background-color":"var(--ast-global-color-5)","background-image":"","background-repeat":"repeat","background-position":"center center","background-size":"auto","background-attachment":"scroll","background-type":"","background-media":"","overlay-type":"","overlay-color":"","overlay-opacity":"","overlay-gradient":""},"tablet":{"background-color":"","background-image":"","background-repeat":"repeat","background-position":"center center","background-size":"auto","background-attachment":"scroll","background-type":"","background-media":"","overlay-type":"","overlay-color":"","overlay-opacity":"","overlay-gradient":""},"mobile":{"background-color":"","background-image":"","background-repeat":"repeat","background-position":"center center","background-size":"auto","background-attachment":"scroll","background-type":"","background-media":"","overlay-type":"","overlay-color":"","overlay-opacity":"","overlay-gradient":""}},"ast-content-background-meta":{"desktop":{"background-color":"var(--ast-global-color-4)","background-image":"","background-repeat":"repeat","background-position":"center center","background-size":"auto","background-attachment":"scroll","background-type":"","background-media":"","overlay-type":"","overlay-color":"","overlay-opacity":"","overlay-gradient":""},"tablet":{"background-color":"var(--ast-global-color-4)","background-image":"","background-repeat":"repeat","background-position":"center center","background-size":"auto","background-attachment":"scroll","background-type":"","background-media":"","overlay-type":"","overlay-color":"","overlay-opacity":"","overlay-gradient":""},"mobile":{"background-color":"var(--ast-global-color-4)","background-image":"","background-repeat":"repeat","background-position":"center center","background-size":"auto","background-attachment":"scroll","background-type":"","background-media":"","overlay-type":"","overlay-color":"","overlay-opacity":"","overlay-gradient":""}},"footnotes":""},"class_list":["post-15388","page","type-page","status-publish","hentry"],"yoast_head":"<!-- This site is optimized with the Yoast SEO plugin v27.4 - https:\/\/yoast.com\/product\/yoast-seo-wordpress\/ -->\n<title>\u00c9v\u00e8nements - Maison Wabi-Sabi - C\u00e9ramique d&#039;art du quotidien<\/title>\n<meta name=\"description\" content=\"\u00c9v\u00e8nements autour de l&#039;artisanat et du Japon. Expo\/ventes pour pr\u00e9senter les collections saisonni\u00e8res. Partenariats. C\u00e9ramique Japonaise.\" \/>\n<meta name=\"robots\" content=\"index, follow, max-snippet:-1, max-image-preview:large, max-video-preview:-1\" \/>\n<link rel=\"canonical\" href=\"https:\/\/www.maisonwabisabi.com\/en\/evenements\/\" \/>\n<meta property=\"og:locale\" content=\"en_GB\" \/>\n<meta property=\"og:type\" content=\"article\" \/>\n<meta property=\"og:title\" content=\"\u00c9v\u00e8nements - Maison Wabi-Sabi - C\u00e9ramique d&#039;art du quotidien\" \/>\n<meta property=\"og:description\" content=\"\u00c9v\u00e8nements autour de l&#039;artisanat et du Japon. Expo\/ventes pour pr\u00e9senter les collections saisonni\u00e8res. Partenariats. C\u00e9ramique Japonaise.\" \/>\n<meta property=\"og:url\" content=\"https:\/\/www.maisonwabisabi.com\/en\/evenements\/\" \/>\n<meta property=\"og:site_name\" content=\"Maison Wabi-Sabi\" \/>\n<meta property=\"article:publisher\" content=\"https:\/\/www.facebook.com\/MaisonWabiSabi\" \/>\n<meta property=\"article:modified_time\" content=\"2026-04-11T14:31:02+00:00\" \/>\n<meta property=\"og:image\" content=\"https:\/\/www.maisonwabisabi.com\/wp-content\/uploads\/2025\/09\/Evenements-2025.jpg\" \/>\n\t<meta property=\"og:image:width\" content=\"1024\" \/>\n\t<meta property=\"og:image:height\" content=\"1024\" \/>\n\t<meta property=\"og:image:type\" content=\"image\/jpeg\" \/>\n<meta name=\"twitter:card\" content=\"summary_large_image\" \/>\n<meta name=\"twitter:label1\" content=\"Estimated reading time\" \/>\n\t<meta name=\"twitter:data1\" content=\"4 minutes\" \/>\n<script type=\"application\/ld+json\" class=\"yoast-schema-graph\">{\"@context\":\"https:\\\/\\\/schema.org\",\"@graph\":[{\"@type\":\"WebPage\",\"@id\":\"https:\\\/\\\/www.maisonwabisabi.com\\\/evenements\\\/\",\"url\":\"https:\\\/\\\/www.maisonwabisabi.com\\\/evenements\\\/\",\"name\":\"\u00c9v\u00e8nements - Maison Wabi-Sabi - C\u00e9ramique d'art du quotidien\",\"isPartOf\":{\"@id\":\"https:\\\/\\\/www.maisonwabisabi.com\\\/#website\"},\"primaryImageOfPage\":{\"@id\":\"https:\\\/\\\/www.maisonwabisabi.com\\\/evenements\\\/#primaryimage\"},\"image\":{\"@id\":\"https:\\\/\\\/www.maisonwabisabi.com\\\/evenements\\\/#primaryimage\"},\"thumbnailUrl\":\"https:\\\/\\\/www.maisonwabisabi.com\\\/wp-content\\\/uploads\\\/2025\\\/09\\\/Evenements-2025.jpg\",\"datePublished\":\"2023-02-16T13:45:17+00:00\",\"dateModified\":\"2026-04-11T14:31:02+00:00\",\"description\":\"\u00c9v\u00e8nements autour de l'artisanat et du Japon. Expo\\\/ventes pour pr\u00e9senter les collections saisonni\u00e8res. Partenariats. C\u00e9ramique Japonaise.\",\"breadcrumb\":{\"@id\":\"https:\\\/\\\/www.maisonwabisabi.com\\\/evenements\\\/#breadcrumb\"},\"inLanguage\":\"en-GB\",\"potentialAction\":[{\"@type\":\"ReadAction\",\"target\":[\"https:\\\/\\\/www.maisonwabisabi.com\\\/evenements\\\/\"]}]},{\"@type\":\"ImageObject\",\"inLanguage\":\"en-GB\",\"@id\":\"https:\\\/\\\/www.maisonwabisabi.com\\\/evenements\\\/#primaryimage\",\"url\":\"https:\\\/\\\/www.maisonwabisabi.com\\\/wp-content\\\/uploads\\\/2025\\\/09\\\/Evenements-2025.jpg\",\"contentUrl\":\"https:\\\/\\\/www.maisonwabisabi.com\\\/wp-content\\\/uploads\\\/2025\\\/09\\\/Evenements-2025.jpg\"},{\"@type\":\"BreadcrumbList\",\"@id\":\"https:\\\/\\\/www.maisonwabisabi.com\\\/evenements\\\/#breadcrumb\",\"itemListElement\":[{\"@type\":\"ListItem\",\"position\":1,\"name\":\"Bienvenue\",\"item\":\"https:\\\/\\\/www.maisonwabisabi.com\\\/\"},{\"@type\":\"ListItem\",\"position\":2,\"name\":\"Expositions \\\/ Ventes de Maison Wabi-Sabi\"}]},{\"@type\":\"WebSite\",\"@id\":\"https:\\\/\\\/www.maisonwabisabi.com\\\/#website\",\"url\":\"https:\\\/\\\/www.maisonwabisabi.com\\\/\",\"name\":\"Maison Wabi-Sabi\",\"description\":\"\",\"publisher\":{\"@id\":\"https:\\\/\\\/www.maisonwabisabi.com\\\/#organization\"},\"potentialAction\":[{\"@type\":\"SearchAction\",\"target\":{\"@type\":\"EntryPoint\",\"urlTemplate\":\"https:\\\/\\\/www.maisonwabisabi.com\\\/?s={search_term_string}\"},\"query-input\":{\"@type\":\"PropertyValueSpecification\",\"valueRequired\":true,\"valueName\":\"search_term_string\"}}],\"inLanguage\":\"en-GB\"},{\"@type\":\"Organization\",\"@id\":\"https:\\\/\\\/www.maisonwabisabi.com\\\/#organization\",\"name\":\"Maison Wabi-Sabi\",\"url\":\"https:\\\/\\\/www.maisonwabisabi.com\\\/\",\"logo\":{\"@type\":\"ImageObject\",\"inLanguage\":\"en-GB\",\"@id\":\"https:\\\/\\\/www.maisonwabisabi.com\\\/#\\\/schema\\\/logo\\\/image\\\/\",\"url\":\"https:\\\/\\\/www.maisonwabisabi.com\\\/wp-content\\\/uploads\\\/2021\\\/11\\\/Logo-de-maison-Wabi-Sabi.jpg\",\"contentUrl\":\"https:\\\/\\\/www.maisonwabisabi.com\\\/wp-content\\\/uploads\\\/2021\\\/11\\\/Logo-de-maison-Wabi-Sabi.jpg\",\"width\":1024,\"height\":1024,\"caption\":\"Maison Wabi-Sabi\"},\"image\":{\"@id\":\"https:\\\/\\\/www.maisonwabisabi.com\\\/#\\\/schema\\\/logo\\\/image\\\/\"},\"sameAs\":[\"https:\\\/\\\/www.facebook.com\\\/MaisonWabiSabi\",\"https:\\\/\\\/www.instagram.com\\\/maison.wabi.sabi\\\/?hl=fr\",\"https:\\\/\\\/www.linkedin.com\\\/company\\\/69088467\"]}]}<\/script>\n<!-- \/ Yoast SEO plugin. -->","yoast_head_json":{"title":"\u00c9v\u00e8nements - Maison Wabi-Sabi - C\u00e9ramique d'art du quotidien","description":"\u00c9v\u00e8nements autour de l'artisanat et du Japon. Expo\/ventes pour pr\u00e9senter les collections saisonni\u00e8res. Partenariats. C\u00e9ramique Japonaise.","robots":{"index":"index","follow":"follow","max-snippet":"max-snippet:-1","max-image-preview":"max-image-preview:large","max-video-preview":"max-video-preview:-1"},"canonical":"https:\/\/www.maisonwabisabi.com\/en\/evenements\/","og_locale":"en_GB","og_type":"article","og_title":"\u00c9v\u00e8nements - Maison Wabi-Sabi - C\u00e9ramique d'art du quotidien","og_description":"\u00c9v\u00e8nements autour de l'artisanat et du Japon. Expo\/ventes pour pr\u00e9senter les collections saisonni\u00e8res. Partenariats. C\u00e9ramique Japonaise.","og_url":"https:\/\/www.maisonwabisabi.com\/en\/evenements\/","og_site_name":"Maison Wabi-Sabi","article_publisher":"https:\/\/www.facebook.com\/MaisonWabiSabi","article_modified_time":"2026-04-11T14:31:02+00:00","og_image":[{"width":1024,"height":1024,"url":"https:\/\/www.maisonwabisabi.com\/wp-content\/uploads\/2025\/09\/Evenements-2025.jpg","type":"image\/jpeg"}],"twitter_card":"summary_large_image","twitter_misc":{"Estimated reading time":"4 minutes"},"schema":{"@context":"https:\/\/schema.org","@graph":[{"@type":"WebPage","@id":"https:\/\/www.maisonwabisabi.com\/evenements\/","url":"https:\/\/www.maisonwabisabi.com\/evenements\/","name":"\u00c9v\u00e8nements - Maison Wabi-Sabi - C\u00e9ramique d'art du quotidien","isPartOf":{"@id":"https:\/\/www.maisonwabisabi.com\/#website"},"primaryImageOfPage":{"@id":"https:\/\/www.maisonwabisabi.com\/evenements\/#primaryimage"},"image":{"@id":"https:\/\/www.maisonwabisabi.com\/evenements\/#primaryimage"},"thumbnailUrl":"https:\/\/www.maisonwabisabi.com\/wp-content\/uploads\/2025\/09\/Evenements-2025.jpg","datePublished":"2023-02-16T13:45:17+00:00","dateModified":"2026-04-11T14:31:02+00:00","description":"\u00c9v\u00e8nements autour de l'artisanat et du Japon. Expo\/ventes pour pr\u00e9senter les collections saisonni\u00e8res. Partenariats. C\u00e9ramique Japonaise.","breadcrumb":{"@id":"https:\/\/www.maisonwabisabi.com\/evenements\/#breadcrumb"},"inLanguage":"en-GB","potentialAction":[{"@type":"ReadAction","target":["https:\/\/www.maisonwabisabi.com\/evenements\/"]}]},{"@type":"ImageObject","inLanguage":"en-GB","@id":"https:\/\/www.maisonwabisabi.com\/evenements\/#primaryimage","url":"https:\/\/www.maisonwabisabi.com\/wp-content\/uploads\/2025\/09\/Evenements-2025.jpg","contentUrl":"https:\/\/www.maisonwabisabi.com\/wp-content\/uploads\/2025\/09\/Evenements-2025.jpg"},{"@type":"BreadcrumbList","@id":"https:\/\/www.maisonwabisabi.com\/evenements\/#breadcrumb","itemListElement":[{"@type":"ListItem","position":1,"name":"Bienvenue","item":"https:\/\/www.maisonwabisabi.com\/"},{"@type":"ListItem","position":2,"name":"Expositions \/ Ventes de Maison Wabi-Sabi"}]},{"@type":"WebSite","@id":"https:\/\/www.maisonwabisabi.com\/#website","url":"https:\/\/www.maisonwabisabi.com\/","name":"Maison Wabi-Sabi","description":"","publisher":{"@id":"https:\/\/www.maisonwabisabi.com\/#organization"},"potentialAction":[{"@type":"SearchAction","target":{"@type":"EntryPoint","urlTemplate":"https:\/\/www.maisonwabisabi.com\/?s={search_term_string}"},"query-input":{"@type":"PropertyValueSpecification","valueRequired":true,"valueName":"search_term_string"}}],"inLanguage":"en-GB"},{"@type":"Organization","@id":"https:\/\/www.maisonwabisabi.com\/#organization","name":"Maison Wabi-Sabi","url":"https:\/\/www.maisonwabisabi.com\/","logo":{"@type":"ImageObject","inLanguage":"en-GB","@id":"https:\/\/www.maisonwabisabi.com\/#\/schema\/logo\/image\/","url":"https:\/\/www.maisonwabisabi.com\/wp-content\/uploads\/2021\/11\/Logo-de-maison-Wabi-Sabi.jpg","contentUrl":"https:\/\/www.maisonwabisabi.com\/wp-content\/uploads\/2021\/11\/Logo-de-maison-Wabi-Sabi.jpg","width":1024,"height":1024,"caption":"Maison Wabi-Sabi"},"image":{"@id":"https:\/\/www.maisonwabisabi.com\/#\/schema\/logo\/image\/"},"sameAs":["https:\/\/www.facebook.com\/MaisonWabiSabi","https:\/\/www.instagram.com\/maison.wabi.sabi\/?hl=fr","https:\/\/www.linkedin.com\/company\/69088467"]}]}},"_links":{"self":[{"href":"https:\/\/www.maisonwabisabi.com\/en\/wp-json\/wp\/v2\/pages\/15388","targetHints":{"allow":["GET"]}}],"collection":[{"href":"https:\/\/www.maisonwabisabi.com\/en\/wp-json\/wp\/v2\/pages"}],"about":[{"href":"https:\/\/www.maisonwabisabi.com\/en\/wp-json\/wp\/v2\/types\/page"}],"author":[{"embeddable":true,"href":"https:\/\/www.maisonwabisabi.com\/en\/wp-json\/wp\/v2\/users\/1"}],"replies":[{"embeddable":true,"href":"https:\/\/www.maisonwabisabi.com\/en\/wp-json\/wp\/v2\/comments?post=15388"}],"version-history":[{"count":2,"href":"https:\/\/www.maisonwabisabi.com\/en\/wp-json\/wp\/v2\/pages\/15388\/revisions"}],"predecessor-version":[{"id":40414,"href":"https:\/\/www.maisonwabisabi.com\/en\/wp-json\/wp\/v2\/pages\/15388\/revisions\/40414"}],"wp:attachment":[{"href":"https:\/\/www.maisonwabisabi.com\/en\/wp-json\/wp\/v2\/media?parent=15388"}],"curies":[{"name":"wp","href":"https:\/\/api.w.org\/{rel}","templated":true}]}}